{"id":1085,"date":"2019-01-25T10:23:12","date_gmt":"2019-01-25T09:23:12","guid":{"rendered":"https:\/\/www.lestalenslyriques.com\/les-talens-lyriques\/"},"modified":"2025-06-25T13:41:58","modified_gmt":"2025-06-25T11:41:58","slug":"les-talens-lyriques","status":"publish","type":"page","link":"https:\/\/www.lestalenslyriques.com\/en\/les-talens-lyriques\/","title":{"rendered":"Les Talens Lyriques"},"content":{"rendered":"<div class=\"wpb-content-wrapper\"><p>[vc_row el_id=&#8221;block1&#8243;][vc_column width=&#8221;1\/12&#8243;][\/vc_column][vc_column width=&#8221;5\/6&#8243;][vc_column_text css=&#8221;&#8221; align=&#8221;center&#8221; title=&#8221;Our repertoire&#8221; subtitle=&#8221;From early Baroque to Romantism&#8221; subtitle_color=&#8221;#FDC60D&#8221;]Championing a wide operatic and instrumental repertoire spanning from early Baroque to early Romanticism, Les Talens Lyriques seeks to illuminate the great masterpieces of music history by exploring rarer or previously unpublished works\u2014often serving as missing links in Europe\u2019s musical heritage. This commitment to musicological research and editorial work remains a priority for the ensemble and is central to its esteemed reputation.[\/vc_column_text][\/vc_column][vc_column width=&#8221;1\/12&#8243;][\/vc_column][\/vc_row][vc_row full_width=&#8221;stretch_row&#8221; el_class=&#8221;backgroundGradientEventHome&#8221;][vc_column]\r\n<div class=\"twBlock twTeams \">\r\n\t\t\t<div class=\"team boxRadius20\">\r\n\t\t\t<div class=\"thumb\">\r\n\t\t\t\t<img loading=\"lazy\" decoding=\"async\" src=\"https:\/\/www.lestalenslyriques.com\/wp-content\/uploads\/2025\/06\/Monteverdi-100x100.png\" class=\"img-fluid\" alt=\"Monteverdi\" width=\"100\" height=\"100\" data-rjs=\"2\"\/>\t\t\t<\/div>\r\n\t\t\t<div class=\"blockContent\">\r\n\t\t\t\t<div class=\"title\">Monteverdi<\/div>\t\t\t\t<p>L\u2019Incoronazione di Poppea | Il Ritorno d\u2019Ulisse in patria | L\u2019Orfeo<\/p>\n\t\t\t<\/div>\r\n\t\t<\/div>\r\n\t\t\t<div class=\"team boxRadius20\">\r\n\t\t\t<div class=\"thumb\">\r\n\t\t\t\t<img loading=\"lazy\" decoding=\"async\" src=\"https:\/\/www.lestalenslyriques.com\/wp-content\/uploads\/2025\/06\/Cavalli-100x100.png\" class=\"img-fluid\" alt=\"Cavalli\" width=\"100\" height=\"100\" data-rjs=\"2\"\/>\t\t\t<\/div>\r\n\t\t\t<div class=\"blockContent\">\r\n\t\t\t\t<div class=\"title\">Cavalli<\/div>\t\t\t\t<p>La Didone | La Calisto<\/p>\n\t\t\t<\/div>\r\n\t\t<\/div>\r\n\t\t\t<div class=\"team boxRadius20\">\r\n\t\t\t<div class=\"thumb\">\r\n\t\t\t\t<img loading=\"lazy\" decoding=\"async\" src=\"https:\/\/www.lestalenslyriques.com\/wp-content\/uploads\/2025\/06\/Landi-100x100.png\" class=\"img-fluid\" alt=\"Landi\" width=\"100\" height=\"100\" data-rjs=\"2\"\/>\t\t\t<\/div>\r\n\t\t\t<div class=\"blockContent\">\r\n\t\t\t\t<div class=\"title\">Landi<\/div>\t\t\t\t<p>La Morte d\u2019Orfeo<\/p>\n\t\t\t<\/div>\r\n\t\t<\/div>\r\n\t\t\t<div class=\"team boxRadius20\">\r\n\t\t\t<div class=\"thumb\">\r\n\t\t\t\t<img loading=\"lazy\" decoding=\"async\" src=\"https:\/\/www.lestalenslyriques.com\/wp-content\/uploads\/2025\/06\/Pallavicino-100x100.png\" class=\"img-fluid\" alt=\"Pallavicino\" width=\"100\" height=\"100\" data-rjs=\"2\"\/>\t\t\t<\/div>\r\n\t\t\t<div class=\"blockContent\">\r\n\t\t\t\t<div class=\"title\">Pallavicino<\/div>\t\t\t\t<p>Le amazzoni nell\u2019isole fortunate<\/p>\n\t\t\t<\/div>\r\n\t\t<\/div>\r\n\t\t\t<div class=\"team boxRadius20\">\r\n\t\t\t<div class=\"thumb\">\r\n\t\t\t\t<img loading=\"lazy\" decoding=\"async\" src=\"https:\/\/www.lestalenslyriques.com\/wp-content\/uploads\/2025\/06\/Legrenzi-100x100.png\" class=\"img-fluid\" alt=\"Legrenzi\" width=\"100\" height=\"100\" data-rjs=\"2\"\/>\t\t\t<\/div>\r\n\t\t\t<div class=\"blockContent\">\r\n\t\t\t\t<div class=\"title\">Legrenzi<\/div>\t\t\t\t<p>La divisione del Mondo<\/p>\n\t\t\t<\/div>\r\n\t\t<\/div>\r\n\t\t\t<div class=\"team boxRadius20\">\r\n\t\t\t<div class=\"thumb\">\r\n\t\t\t\t<img loading=\"lazy\" decoding=\"async\" src=\"https:\/\/www.lestalenslyriques.com\/wp-content\/uploads\/2025\/06\/Haendel-100x100.png\" class=\"img-fluid\" alt=\"H\u00e6ndel\" width=\"100\" height=\"100\" data-rjs=\"2\"\/>\t\t\t<\/div>\r\n\t\t\t<div class=\"blockContent\">\r\n\t\t\t\t<div class=\"title\">H\u00e6ndel<\/div>\t\t\t\t<p>Scipione | Riccardo Primo | Rinaldo | Admeto | Giulio Cesare | Serse<\/p>\n\t\t\t<\/div>\r\n\t\t<\/div>\r\n\t\t\t<div class=\"team boxRadius20\">\r\n\t\t\t<div class=\"thumb\">\r\n\t\t\t\t<img loading=\"lazy\" decoding=\"async\" src=\"https:\/\/www.lestalenslyriques.com\/wp-content\/uploads\/2025\/06\/Lully-100x100.png\" class=\"img-fluid\" alt=\"Lully\" width=\"100\" height=\"100\" data-rjs=\"2\"\/>\t\t\t<\/div>\r\n\t\t\t<div class=\"blockContent\">\r\n\t\t\t\t<div class=\"title\">Lully<\/div>\t\t\t\t<p>Pers\u00e9e | Roland | Bell\u00e9rophon | Pha\u00e9ton | Amadis | Armide | Alceste | Isis | Th\u00e9s\u00e9e<\/p>\n\t\t\t<\/div>\r\n\t\t<\/div>\r\n\t\t\t<div class=\"team boxRadius20\">\r\n\t\t\t<div class=\"thumb\">\r\n\t\t\t\t<img loading=\"lazy\" decoding=\"async\" src=\"https:\/\/www.lestalenslyriques.com\/wp-content\/uploads\/2025\/06\/Desmarest-100x100.png\" class=\"img-fluid\" alt=\"Desmarest\" width=\"100\" height=\"100\" data-rjs=\"2\"\/>\t\t\t<\/div>\r\n\t\t\t<div class=\"blockContent\">\r\n\t\t\t\t<div class=\"title\">Desmarest<\/div>\t\t\t\t<p>Didon | V\u00e9nus et Adonis<\/p>\n\t\t\t<\/div>\r\n\t\t<\/div>\r\n\t\t\t<div class=\"team boxRadius20\">\r\n\t\t\t<div class=\"thumb\">\r\n\t\t\t\t<img loading=\"lazy\" decoding=\"async\" src=\"https:\/\/www.lestalenslyriques.com\/wp-content\/uploads\/2025\/06\/Mondonville-100x100.png\" class=\"img-fluid\" alt=\"Mondonville\" width=\"100\" height=\"100\" data-rjs=\"2\"\/>\t\t\t<\/div>\r\n\t\t\t<div class=\"blockContent\">\r\n\t\t\t\t<div class=\"title\">Mondonville<\/div>\t\t\t\t<p>Les F\u00eates de Paphos<\/p>\n\t\t\t<\/div>\r\n\t\t<\/div>\r\n\t\t\t<div class=\"team boxRadius20\">\r\n\t\t\t<div class=\"thumb\">\r\n\t\t\t\t<img loading=\"lazy\" decoding=\"async\" src=\"https:\/\/www.lestalenslyriques.com\/wp-content\/uploads\/2025\/06\/Cimarosa-100x100.png\" class=\"img-fluid\" alt=\"Cimarosa\" width=\"100\" height=\"100\" data-rjs=\"2\"\/>\t\t\t<\/div>\r\n\t\t\t<div class=\"blockContent\">\r\n\t\t\t\t<div class=\"title\">Cimarosa<\/div>\t\t\t\t<p>Il Mercato di Malmantile | Il Matrimonio segreto<\/p>\n\t\t\t<\/div>\r\n\t\t<\/div>\r\n\t\t\t<div class=\"team boxRadius20\">\r\n\t\t\t<div class=\"thumb\">\r\n\t\t\t\t<img loading=\"lazy\" decoding=\"async\" src=\"https:\/\/www.lestalenslyriques.com\/wp-content\/uploads\/2025\/06\/Traetta-100x100.png\" class=\"img-fluid\" alt=\"Traetta\" width=\"100\" height=\"100\" data-rjs=\"2\"\/>\t\t\t<\/div>\r\n\t\t\t<div class=\"blockContent\">\r\n\t\t\t\t<div class=\"title\">Traetta<\/div>\t\t\t\t<p>Antigona | Ippolito ed Aricia<\/p>\n\t\t\t<\/div>\r\n\t\t<\/div>\r\n\t\t\t<div class=\"team boxRadius20\">\r\n\t\t\t<div class=\"thumb\">\r\n\t\t\t\t<img loading=\"lazy\" decoding=\"async\" src=\"https:\/\/www.lestalenslyriques.com\/wp-content\/uploads\/2025\/06\/Jommelli-100x100.png\" class=\"img-fluid\" alt=\"Jommelli\" width=\"100\" height=\"100\" data-rjs=\"2\"\/>\t\t\t<\/div>\r\n\t\t\t<div class=\"blockContent\">\r\n\t\t\t\t<div class=\"title\">Jommelli<\/div>\t\t\t\t<p>Armida abbandonata<\/p>\n\t\t\t<\/div>\r\n\t\t<\/div>\r\n\t\t\t<div class=\"team boxRadius20\">\r\n\t\t\t<div class=\"thumb\">\r\n\t\t\t\t<img loading=\"lazy\" decoding=\"async\" src=\"https:\/\/www.lestalenslyriques.com\/wp-content\/uploads\/2025\/06\/Martin-y-Soler-100x100.png\" class=\"img-fluid\" alt=\"Martin y Soler\" width=\"100\" height=\"100\" data-rjs=\"2\"\/>\t\t\t<\/div>\r\n\t\t\t<div class=\"blockContent\">\r\n\t\t\t\t<div class=\"title\">Martin y Soler<\/div>\t\t\t\t<p>La Capricciosa corretta | Il Tutore burlato<\/p>\n\t\t\t<\/div>\r\n\t\t<\/div>\r\n\t\t\t<div class=\"team boxRadius20\">\r\n\t\t\t<div class=\"thumb\">\r\n\t\t\t\t<img loading=\"lazy\" decoding=\"async\" src=\"https:\/\/www.lestalenslyriques.com\/wp-content\/uploads\/2025\/06\/Mozart-100x100.png\" class=\"img-fluid\" alt=\"Mozart\" width=\"100\" height=\"100\" data-rjs=\"2\"\/>\t\t\t<\/div>\r\n\t\t\t<div class=\"blockContent\">\r\n\t\t\t\t<div class=\"title\">Mozart<\/div>\t\t\t\t<p>Mitridate | Die Entf\u00fchrung aus dem Serail | Cos\u00ec fan tutte | Die Zauberfl\u00f6te<\/p>\n\t\t\t<\/div>\r\n\t\t<\/div>\r\n\t\t\t<div class=\"team boxRadius20\">\r\n\t\t\t<div class=\"thumb\">\r\n\t\t\t\t<img loading=\"lazy\" decoding=\"async\" src=\"https:\/\/www.lestalenslyriques.com\/wp-content\/uploads\/2025\/06\/Salieri-100x100.png\" class=\"img-fluid\" alt=\"Salieri\" width=\"100\" height=\"100\" data-rjs=\"2\"\/>\t\t\t<\/div>\r\n\t\t\t<div class=\"blockContent\">\r\n\t\t\t\t<div class=\"title\">Salieri<\/div>\t\t\t\t<p>La Grotta di Trofonio | Les Dana\u00efdes | Les Horaces | Tarare, Armida<\/p>\n\t\t\t<\/div>\r\n\t\t<\/div>\r\n\t\t\t<div class=\"team boxRadius20\">\r\n\t\t\t<div class=\"thumb\">\r\n\t\t\t\t<img loading=\"lazy\" decoding=\"async\" src=\"https:\/\/www.lestalenslyriques.com\/wp-content\/uploads\/2025\/06\/Rameau-100x100.png\" class=\"img-fluid\" alt=\"Rameau\" width=\"100\" height=\"100\" data-rjs=\"2\"\/>\t\t\t<\/div>\r\n\t\t\t<div class=\"blockContent\">\r\n\t\t\t\t<div class=\"title\">Rameau<\/div>\t\t\t\t<p>Zoroastre | Castor et Pollux | Les Indes galantes | Plat\u00e9e, Pygmalion<\/p>\n\t\t\t<\/div>\r\n\t\t<\/div>\r\n\t\t\t<div class=\"team boxRadius20\">\r\n\t\t\t<div class=\"thumb\">\r\n\t\t\t\t<img loading=\"lazy\" decoding=\"async\" src=\"https:\/\/www.lestalenslyriques.com\/wp-content\/uploads\/2025\/06\/Gluck-100x100.png\" class=\"img-fluid\" alt=\"Gluck\" width=\"100\" height=\"100\" data-rjs=\"2\"\/>\t\t\t<\/div>\r\n\t\t\t<div class=\"blockContent\">\r\n\t\t\t\t<div class=\"title\">Gluck<\/div>\t\t\t\t<p>Bauci e Filemone | Alceste | Orph\u00e9e et Eurydice | Armide<\/p>\n\t\t\t<\/div>\r\n\t\t<\/div>\r\n\t\t\t<div class=\"team boxRadius20\">\r\n\t\t\t<div class=\"thumb\">\r\n\t\t\t\t<img loading=\"lazy\" decoding=\"async\" src=\"https:\/\/www.lestalenslyriques.com\/wp-content\/uploads\/2025\/06\/Spontini-100x100.png\" class=\"img-fluid\" alt=\"Spontini\" width=\"100\" height=\"100\" data-rjs=\"2\"\/>\t\t\t<\/div>\r\n\t\t\t<div class=\"blockContent\">\r\n\t\t\t\t<div class=\"title\">Spontini<\/div>\t\t\t\t<p>La Vestale<\/p>\n\t\t\t<\/div>\r\n\t\t<\/div>\r\n\t<\/div>\r\n[\/vc_column][\/vc_row][vc_row][vc_column width=&#8221;1\/4&#8243;][\/vc_column][vc_column width=&#8221;1\/2&#8243;][vc_column_text css_animation=&#8221;none&#8221; css=&#8221;&#8221;]Beyond the operatic repertoire, the Ensemble explores a diverse range of musical genres, including the madrigal, cantata, air de cour, symphony, and the full spectrum of sacred music\u2014such as Masses, motets, oratorios, and <em data-start=\"295\" data-end=\"315\">Le\u00e7ons de T\u00e9n\u00e8bres<\/em>. Each season, Les Talens Lyriques performs worldwide, with ensembles ranging from intimate groups of a few musicians to large forces of over sixty performers spanning all generations.[\/vc_column_text]<div class=\"twImageSingle boxRadius20 text-center text-md-center\">\r\n\t<img loading=\"lazy\" decoding=\"async\" src=\"https:\/\/www.lestalenslyriques.com\/wp-content\/uploads\/2025\/06\/Visuel-TalensLyriques-01-590x390.jpg\" class=\"img-fluid\" alt=\"Visuel-TalensLyriques-01\" width=\"590\" height=\"390\" data-rjs=\"2\"\/><\/div>\r\n<div class=\"twPopup special mt-5\">\n    <div class=\"text-center\">\n        <a href=\"javascript:void(0);\" class=\"btn style_1\" data-fancybox data-src=\"#0607d3d2-5388-48c6-9e95-52be2cdf62ef\">\n            Learn more about Les Talens Lyriques        <\/a>\n    <\/div>\n\n\n\t    <div class=\"blockPopup special mt-5\" id=\"0607d3d2-5388-48c6-9e95-52be2cdf62ef\">\n        <div class=\"blockContentPopup pb-3\">\n            \r\n<div class=\"twTitle div\">\r\n\tLes Talens Lyriques<\/div>\r\n\r\n<div class=\"blockContent\"><p class=\"s5\"><span class=\"s2\">Les Talens <\/span><span class=\"s2\">Lyriques<\/span><span class=\"s3\">, named after the subtitle of Rameau\u2019s opera <\/span><em><span class=\"s4\">Les F\u00eates <\/span><span class=\"s4\">d\u2019H\u00e9b\u00e9<\/span><\/em><span class=\"s3\"> (1739), was founded in 1991 by harpsichordist and conductor <\/span><span class=\"s2\">Christophe <\/span><span class=\"s2\">Rousset<\/span><span class=\"s3\">.<\/span><\/p>\n<p class=\"s5\"><span class=\"s3\">Championing a broad vocal and instrumental repertoire spanning from the early Baroque to the dawn of Romanticism, Les Talens <\/span><span class=\"s3\">Lyriques<\/span><span class=\"s3\"> aims to shed new light on the great masterpieces of music history through the lens of rare or previously unperformed works\u2014true missing links in Europe\u2019s musical heritage. <\/span><span class=\"s3\">Their<\/span><span class=\"s3\"> musicological and editorial work is a key priority for the ensemble and plays a major role in its reputation.<\/span><\/p>\n<p class=\"s5\"><span class=\"s3\">The ensemble\u2019s repertoire ranges from Monteverdi (<\/span><em><span class=\"s4\">L\u2019Incoronazione<\/span><span class=\"s4\"> di <\/span><span class=\"s4\">Poppea<\/span><span class=\"s3\">, <\/span><span class=\"s4\">Il <\/span><span class=\"s4\">Ritorno <\/span><span class=\"s4\">d\u2019Ulisse<\/span><span class=\"s4\"> in patria<\/span><span class=\"s3\">, <\/span><span class=\"s4\">L\u2019Orfeo<\/span><\/em><span class=\"s3\">), Cavalli (<\/span><em><span class=\"s4\">La <\/span><span class=\"s4\">Didone<\/span><span class=\"s3\">, <\/span><span class=\"s4\">La Calisto<\/span><\/em><span class=\"s3\">), <\/span><span class=\"s3\">Landi<\/span><span class=\"s3\"> (<\/span><em><span class=\"s4\">La <\/span><span class=\"s4\">Morte<\/span> <span class=\"s4\">d\u2019Orfeo<\/span><\/em><span class=\"s3\">), <\/span><span class=\"s3\">Pallavicino<\/span><span class=\"s3\"> (<\/span><em><span class=\"s4\">Le <\/span><span class=\"s4\">amazzoni<\/span> <span class=\"s4\">nell\u2019isole<\/span><span class=\"s4\"> fortunate<\/span><\/em><span class=\"s3\">), <\/span><span class=\"s3\">Legrenzi<\/span><span class=\"s3\"> (<\/span><em><span class=\"s4\">La <\/span><span class=\"s4\">divisione<\/span><span class=\"s4\"> del Mondo<\/span><\/em><span class=\"s3\">), to <\/span><span class=\"s3\">H<\/span><span class=\"s3\">\u00e4<\/span><span class=\"s3\">ndel <\/span><span class=\"s3\">(<\/span><em><span class=\"s4\">Scipione<\/span><span class=\"s3\">, <\/span><span class=\"s4\">Riccardo Primo<\/span><span class=\"s3\">, <\/span><span class=\"s4\">Rinaldo<\/span><span class=\"s3\">, <\/span><span class=\"s4\">Admeto<\/span><span class=\"s3\">, <\/span><span class=\"s4\">Giulio Cesare<\/span><span class=\"s3\">, <\/span><span class=\"s4\">Serse<\/span><span class=\"s3\">, <\/span><span class=\"s4\">Arianna in Creta<\/span><span class=\"s3\">, <\/span><span class=\"s4\">Tamerlano<\/span><span class=\"s3\">, <\/span><span class=\"s4\">Ariodante<\/span><span class=\"s3\">, <\/span><span class=\"s4\">Semele<\/span><span class=\"s3\">, <\/span><span class=\"s4\">Alcina<\/span><span class=\"s3\">, <\/span><span class=\"s4\">Agrippina<\/span><span class=\"s3\">, <\/span><span class=\"s4\">Saul<\/span><span class=\"s3\">, <\/span><span class=\"s4\">Messiah<\/span><span class=\"s3\">, <\/span><span class=\"s4\">Jephtha<\/span><span class=\"s3\">, <\/span><span class=\"s4\">Orlando<\/span><\/em><span class=\"s3\">), through to Lully (<\/span><em><span class=\"s4\">Pers\u00e9e<\/span><span class=\"s3\">, <\/span><span class=\"s4\">Roland<\/span><span class=\"s3\">, <\/span><span class=\"s4\">Bell\u00e9rophon<\/span><span class=\"s3\">, <\/span><span class=\"s4\">Pha\u00e9ton<\/span><span class=\"s3\">, <\/span><span class=\"s4\">Amadis<\/span><span class=\"s3\">, <\/span><span class=\"s4\">Armide<\/span><span class=\"s3\">, <\/span><span class=\"s4\">Alceste<\/span><span class=\"s3\">, <\/span><span class=\"s4\">Isis<\/span><span class=\"s3\">, <\/span><span class=\"s4\">Th\u00e9s\u00e9e<\/span><span class=\"s3\">, <\/span><span class=\"s4\">Atys<\/span><span class=\"s3\">, <\/span><span class=\"s4\">Proserpine<\/span><span class=\"s3\">, <\/span><span class=\"s4\">Cadmus et Hermione<\/span><\/em><span class=\"s3\">), <\/span><span class=\"s3\">Desmarest<\/span><span class=\"s3\"> (<\/span><em><span class=\"s4\">Didon<\/span><span class=\"s3\">, <\/span><span class=\"s4\">V\u00e9nus<\/span><span class=\"s4\"> et Adonis<\/span><\/em><span class=\"s3\">), <\/span><span class=\"s3\">Mondonville<\/span><span class=\"s3\"> (<\/span><em><span class=\"s4\">Les F\u00eates de <\/span><span class=\"s4\">Paphos<\/span><\/em><span class=\"s3\">), <\/span><span class=\"s3\">Cimarosa<\/span><span class=\"s3\"> (<\/span><em><span class=\"s4\">Il Mercato di <\/span><span class=\"s4\">Malmantile<\/span><span class=\"s3\">, <\/span><span class=\"s4\">Il <\/span><span class=\"s4\">Matrimonio<\/span> <span class=\"s4\">segreto<\/span><span class=\"s3\">, <\/span><span class=\"s4\">L\u2019Olimpiade<\/span><\/em><span class=\"s3\">), <\/span><span class=\"s3\">Traetta<\/span><span class=\"s3\"> (<\/span><em><span class=\"s4\">Antigona<\/span><span class=\"s3\">, <\/span><span class=\"s4\">Ippolito ed Aricia<\/span><span class=\"s3\">, <\/span><span class=\"s4\">Ifigenia<\/span><span class=\"s4\"> in <\/span><span class=\"s4\">Tauride<\/span><\/em><span class=\"s3\">), <\/span><span class=\"s3\">Porpora<\/span><span class=\"s3\"> (<\/span><em><span class=\"s4\">Ifigenia<\/span><span class=\"s4\"> in <\/span><span class=\"s4\">Aulide<\/span><\/em><span class=\"s3\">), Jommelli (<\/span><em><span class=\"s4\">Armida <\/span><span class=\"s4\">abbandonata<\/span><\/em><span class=\"s3\">), Mart\u00edn y Soler (<\/span><em><span class=\"s4\">La <\/span><span class=\"s4\">Capricciosa<\/span> <span class=\"s4\">corretta<\/span><span class=\"s3\">, <\/span><span class=\"s4\">Il <\/span><span class=\"s4\">Tutore<\/span> <span class=\"s4\">burlato<\/span><\/em><span class=\"s3\">), Mozart (<\/span><em><span class=\"s4\">Mitridate<\/span><span class=\"s3\">, <\/span><span class=\"s4\">Die <\/span><span class=\"s4\">Entf\u00fchrung<\/span> <span class=\"s4\">aus<\/span><span class=\"s4\"> dem <\/span><span class=\"s4\">Serail<\/span><span class=\"s3\">, <\/span><span class=\"s4\">Cos\u00ec<\/span><span class=\"s4\"> fan <\/span><span class=\"s4\">tutte<\/span><span class=\"s3\">, <\/span><span class=\"s4\">Die Zauberfl\u00f6te<\/span><span class=\"s3\">, <\/span><span class=\"s4\">La <\/span><span class=\"s4\">clemenza<\/span><span class=\"s4\"> di Tito<\/span><span class=\"s3\">, <\/span><span class=\"s4\">Ascanio<\/span><span class=\"s4\"> in Alba<\/span><\/em><span class=\"s3\">), Gassmann (<\/span><em><span class=\"s4\">L\u2019Opera<\/span> <span class=\"s4\">seria<\/span><\/em><span class=\"s3\">), Salieri (<\/span><em><span class=\"s4\">La <\/span><span class=\"s4\">Grotta<\/span><span class=\"s4\"> di <\/span><span class=\"s4\">Trofonio<\/span><span class=\"s3\">, <\/span><span class=\"s4\">Les <\/span><span class=\"s4\">Dana\u00efdes<\/span><span class=\"s3\">, <\/span><span class=\"s4\">Les <\/span><span class=\"s4\">Horaces<\/span><span class=\"s3\">, <\/span><span class=\"s4\">Tarare<\/span><span class=\"s3\">, <\/span><span class=\"s4\">Armida<\/span><span class=\"s3\">, <\/span><span class=\"s4\">Cublai<\/span><span class=\"s4\"> gran Kan de\u2019 <\/span><span class=\"s4\">Tartari<\/span><\/em><span class=\"s3\">), Rameau (<\/span><em><span class=\"s4\">Zoroastre<\/span><span class=\"s3\">, <\/span><span class=\"s4\">Castor et Pollux<\/span><span class=\"s3\">, <\/span><span class=\"s4\">Les <\/span><span class=\"s4\">Indes<\/span> <span class=\"s4\">galantes<\/span><span class=\"s3\">, <\/span><span class=\"s4\">Plat\u00e9e<\/span><span class=\"s3\">, <\/span><span class=\"s4\">Pygmalion<\/span><\/em><span class=\"s3\">), Gluck (<\/span><em><span class=\"s4\">Bauci<\/span><span class=\"s4\"> e <\/span><span class=\"s4\">Filemone<\/span><span class=\"s3\">, <\/span><span class=\"s4\">Alceste<\/span><span class=\"s3\">, <\/span><span class=\"s4\">Orph\u00e9e<\/span><span class=\"s4\"> et Eurydice<\/span><span class=\"s3\">, <\/span><span class=\"s4\">Armide<\/span><\/em><span class=\"s3\">), Beethoven, and finally Cherubini (<\/span><em><span class=\"s4\">M\u00e9d\u00e9e<\/span><\/em><span class=\"s3\">), Garc\u00eda (<\/span><em><span class=\"s4\">Il <\/span><span class=\"s4\">Califfo<\/span><span class=\"s4\"> di Bagdad<\/span><\/em><span class=\"s3\">), Berlioz, Massenet, Gounod (<\/span><em><span class=\"s4\">Faust<\/span><\/em><span class=\"s3\">), <\/span><span class=\"s3\">Spontini<\/span><span class=\"s3\"> (<\/span><em><span class=\"s4\">La <\/span><span class=\"s4\">Vestale<\/span><\/em><span class=\"s3\">), Saint-Sa\u00ebns, Louise <\/span><span class=\"s3\">Bertin<\/span><span class=\"s3\"> (<\/span><em><span class=\"s4\">Fausto<\/span><\/em><span class=\"s3\">), and even Schubert (complete symphonies).<\/span><\/p>\n<p class=\"s5\"><span class=\"s3\">The revival of these works goes hand-in-hand with close collaborations with stage directors and choreographers including Pierre Audi, Jean-Marie <\/span><span class=\"s3\">Vill\u00e9gier<\/span><span class=\"s3\">, David McVicar, Eric <\/span><span class=\"s3\">Vigner<\/span><span class=\"s3\">, <\/span><span class=\"s3\">Ludovic<\/span><span class=\"s3\"> Lagarde, <\/span><span class=\"s3\">Mariame<\/span><span class=\"s3\"> Cl\u00e9ment, Jean-Pierre Vincent, Macha <\/span><span class=\"s3\">Make\u00efeff<\/span><span class=\"s3\">, Laura <\/span><span class=\"s3\">Scozzi<\/span><span class=\"s3\">, Natalie van Parys, <\/span><span class=\"s3\">Marcial<\/span><span class=\"s3\"> di Fonzo Bo, Claus <\/span><span class=\"s3\">Guth<\/span><span class=\"s3\">, Robert Carsen, David Hermann, Christof Loy, <\/span><span class=\"s3\">Jetske<\/span> <span class=\"s3\">Mijnssen<\/span><span class=\"s3\">, Alban Richard, David Lescot, <\/span><span class=\"s3\">Phia<\/span> <span class=\"s3\">M\u00e9nard<\/span><span class=\"s3\">, Calixto <\/span><span class=\"s3\">Bieito<\/span><span class=\"s3\">, Laurent Pelly, Jeanne <\/span><span class=\"s3\">Desoubeaux<\/span><span class=\"s3\">, Damiano <\/span><span class=\"s3\">Michieletto<\/span><span class=\"s3\">, Dmitri <\/span><span class=\"s3\">Tcherniakov<\/span><span class=\"s3\">, and Max Emanuel <\/span><span class=\"s3\">Cen\u010di\u0107<\/span><span class=\"s3\">.<\/span><\/p>\n<p class=\"s5\"><span class=\"s3\">Beyond the operatic repertoire, the Ensemble explores other genres such as the madrigal, cantata, air de <\/span><span class=\"s3\">cour<\/span><span class=\"s3\">, symphony, and the vast sacred music repertoire (Masses, motets, oratorios, Tenebrae Lessons\u2026). Season after season, Les Talens <\/span><span class=\"s3\">Lyriques<\/span> <span class=\"s3\">performs<\/span><span class=\"s3\"> around the world, in formations ranging from a handful of musicians to over sixty performers of all generations.<\/span><\/p>\n<p class=\"s5\"><span class=\"s3\">The 2025\u20132026 season of Les Talens <\/span><span class=\"s3\">Lyriques<\/span><span class=\"s3\"> is titled <\/span><span class=\"s2\">\u201cLove Stories\u201d<\/span><span class=\"s3\">. Christophe <\/span><span class=\"s3\">Rousset<\/span><span class=\"s3\">and the ensemble explore different facets of love through emblematic works and exciting rediscoveries: <\/span><em><span class=\"s4\">Ifigenia<\/span><span class=\"s4\"> in <\/span><span class=\"s4\">Tauride<\/span><\/em><span class=\"s3\"> by Tommaso <\/span><span class=\"s3\">Traetta<\/span><span class=\"s3\">, <\/span><em><span class=\"s4\">Orlando<\/span><\/em><span class=\"s3\"> by <\/span><span class=\"s3\">H<\/span><span class=\"s3\">\u00e4<\/span><span class=\"s3\">ndel<\/span><span class=\"s3\">, <\/span><em><span class=\"s4\">L\u2019Opera<\/span> <span class=\"s4\">seria<\/span><\/em><span class=\"s3\"> by Gassmann, <\/span><em><span class=\"s4\">Ascanio<\/span><span class=\"s4\"> in Alba<\/span><\/em><span class=\"s3\"> and <\/span><em><span class=\"s4\">La <\/span><span class=\"s4\">Clemenza<\/span><span class=\"s4\"> di Tito<\/span><\/em><span class=\"s3\"> by Mozart. The season also sees the conclusion of the remarkable complete recording of Lully\u2019s <\/span><span class=\"s3\">trag\u00e9dies<\/span> <span class=\"s3\">lyriques<\/span><span class=\"s3\"> with <\/span><em><span class=\"s4\">Cadmus et Hermione<\/span><\/em><span class=\"s3\">, to be heard in concert at the <\/span><span class=\"s3\">Philharmonie<\/span><span class=\"s3\"> de Paris.<\/span><\/p>\n<p class=\"s5\"><span class=\"s3\">A new partnership is also launching this season between the Ensemble, the Salle <\/span><span class=\"s3\">Cortot<\/span><span class=\"s3\">, and the \u00c9cole <\/span><span class=\"s3\">Normale<\/span><span class=\"s3\"> de Musique de Paris: Les Talens <\/span><span class=\"s3\">Lyriques<\/span><span class=\"s3\"> will offer public masterclasses and themed, annotated concerts.<\/span><\/p>\n<p class=\"s5\"><span class=\"s3\">Les Talens <\/span><span class=\"s3\">Lyriques<\/span><span class=\"s3\"> now boasts a rich discography of over 100 recordings released on Erato, <\/span><span class=\"s3\">Fnac<\/span><span class=\"s3\"> Music, <\/span><span class=\"s3\">Auvidis<\/span><span class=\"s3\">, Decca, Na\u00efve, <\/span><span class=\"s3\">Ambroisie<\/span><span class=\"s3\">, Virgin Classics, <\/span><span class=\"s3\">Ediciones<\/span> <span class=\"s3\">Singulares<\/span><span class=\"s3\"> (PBZ), <\/span><span class=\"s3\">Outhere<\/span><span class=\"s3\">, Ch\u00e2teau Versailles Spectacles (CVS), and <\/span><span class=\"s3\">Apart\u00e9<\/span><span class=\"s3\">. The ensemble also recorded the famous soundtrack to G\u00e9rard <\/span><span class=\"s3\">Corbiau\u2019s<\/span><span class=\"s3\"> film <\/span><em><span class=\"s4\">Farinelli<\/span><\/em><span class=\"s3\"> (1994), which sold over one million copies.<\/span><\/p>\n<p class=\"s5\"><span class=\"s3\">The season will feature two new album releases: <\/span><em><span class=\"s4\">Proserpine<\/span><\/em><span class=\"s3\"> by Lully (Ch\u00e2teau de Versailles Spectacles) and <\/span><em><span class=\"s4\">Ifigenia<\/span><span class=\"s4\"> in <\/span><span class=\"s4\">Tauride<\/span><\/em><span class=\"s3\"> by Tommaso <\/span><span class=\"s3\">Traetta<\/span><span class=\"s3\"> (<\/span><span class=\"s3\">Apart\u00e9<\/span><span class=\"s3\">).<\/span><\/p>\n<p class=\"s5\"><span class=\"s3\">Since 2007, the ensemble has introduced students to music through a wide-ranging <\/span><span class=\"s3\">programme<\/span><span class=\"s3\"> of ambitious artistic projects and innovative educational initiatives. Les Talens <\/span><span class=\"s3\">Lyriques<\/span><span class=\"s3\"> have been in residence in schools across Paris and the \u00cele-de-France region for over 15 years, running orchestra classes and a broad cultural outreach <\/span><span class=\"s3\">programme<\/span><span class=\"s3\">. Their three educational apps, <\/span><span class=\"s2\">t@lenschool<\/span><span class=\"s3\">, have generated great enthusiasm and have won multiple French and international awards.<\/span><\/p>\n<p class=\"s5\"><span class=\"s3\">Les Talens <\/span><span class=\"s3\">Lyriques<\/span><span class=\"s3\"> have also launched a music therapy <\/span><span class=\"s3\">programme<\/span><span class=\"s3\"> in the palliative care unit at the Toussaint Clinic in Strasbourg.<\/span><\/p>\n<p>&nbsp;<\/p>\n<p class=\"s5\"><span class=\"s2\">[Mandatory Mentions:]<\/span><span class=\"s3\"><br \/>\n<\/span><span class=\"s3\">Les Talens <\/span><span class=\"s3\">Lyriques<\/span><span class=\"s3\"> are supported by the Ministry of Culture \u2013 DRAC \u00cele-de-France, the City of Paris, and the Cercle des <\/span><span class=\"s3\">M\u00e9c\u00e8nes<\/span><span class=\"s3\">.<\/span><span class=\"s3\"><br \/>\n<\/span><span class=\"s3\">The Ensemble thanks its major patrons, notably the <\/span><span class=\"s3\">GRoW<\/span><span class=\"s3\"> @ Annenberg Foundation \u2013 Gregory and Regina Annenberg Weingarten, and the <\/span><span class=\"s3\">Fondation<\/span> <span class=\"s3\">d\u2019entreprise<\/span> <span class=\"s3\">Soci\u00e9t\u00e9 G\u00e9n\u00e9rale.<\/span><span class=\"s3\"><br \/>\n<\/span><span class=\"s3\">The Ensemble regularly receives support for its national and international reach and its recording projects from the Centre National de la Musique.<\/span><span class=\"s3\"><br \/>\n<\/span><span class=\"s3\">Since 2011, Les Talens <\/span><span class=\"s3\">Lyriques<\/span><span class=\"s3\"> has been an associate artist in residence at the <\/span><span class=\"s3\">Fondation<\/span><span class=\"s3\">Singer-Polignac.<\/span><span class=\"s3\"><br \/>\n<\/span><span class=\"s3\">Les Talens <\/span><span class=\"s3\">Lyriques<\/span><span class=\"s3\"> are members of <\/span><span class=\"s3\">Sc\u00e8ne<\/span><span class=\"s3\"> Ensemble (professional <\/span><span class=\"s3\">organisation<\/span><span class=\"s3\"> for the performing arts) and FEVIS (Federation of <\/span><span class=\"s3\">specialised<\/span><span class=\"s3\"> vocal and instrumental ensembles).<\/span><\/p>\n<p class=\"s5\"><span class=\"s3\"><br \/>\n<\/span><em><span class=\"s3\">This document is regularly updated. Please request the latest version before use.<\/span><span class=\"s3\"><br \/>\n<\/span><span class=\"s3\">\u00a9 Les Talens <\/span><span class=\"s3\">Lyriques<\/span><span class=\"s3\"> \u2013 May 2025 \u2013 Do not modify without permission.<\/span><\/em><\/p>\n<p>\u00a0<\/p>\n<\/div>        <\/div>\n    <\/div>\n    <\/div>\n[\/vc_column][vc_column width=&#8221;1\/4&#8243;][\/vc_column][\/vc_row][vc_row full_width=&#8221;stretch_row_content_no_spaces&#8221; el_id=&#8221;block3&#8243;][vc_column]<div class=\"twBlock twColumn style_background align-items-center justify-content-start\">\r\n\t\t\t<div class=\"mask left\" style=\"background-image: url('https:\/\/www.lestalenslyriques.com\/wp-content\/uploads\/2025\/06\/talens_2526_3667-632x640.jpg');\"><\/div>\r\n\t\t<div class=\"container\">\r\n\t\t\t<div class=\"row align-items-center\">\r\n\t\t\t\t<div class=\"col-12 col-md-6\">\r\n\t\t\t\t\t<img loading=\"lazy\" decoding=\"async\" src=\"https:\/\/www.lestalenslyriques.com\/wp-content\/uploads\/2025\/06\/talens_2526_3667-632x640.jpg\" class=\"img-fluid\" alt=\"talens_2526_3667\" width=\"632\" height=\"640\" data-rjs=\"2\"\/>\t\t\t\t<\/div>\r\n\t\t\t\t<div class=\"col-12 col-md-6\">\r\n\t\t\t\t\t[vc_column_text css=&#8221;&#8221; title=&#8221;Love Stories&#8221; subtitle=&#8221;Season 25\/26&#8243; subtitle_color=&#8221;#FDC60D&#8221;]<\/p>\n<div class=\"page\" title=\"Page 2\">\n<div class=\"layoutArea\">\n<div class=\"column\">\n<p>In this new 25\/26 season, Christophe Rousset and Les Talens Lyriques explore the different facets of love through emblematic works and beautiful rediscoveries: <em>Ifigenia in Tauride<\/em> by Tommaso Traetta, <em>Orlando<\/em> by Handel. Gassmann&#8217;s <em>L&#8217;Opera seria<\/em>, Mozart&#8217;s <em>Ascanio in Alba<\/em> and<em> La Clemenza di Tito<\/em>. This season will also see the conclusion of Lully&#8217;s incredible complete lyric tragedies with the recording of <em>Cadmus et Hermione<\/em>, to be heard in concert at the Philharmonie de Paris.<\/p>\n<p>This season will also see the birth of a partnership between the Ensemble, the Salle Cortot and the Ecole Normale de Musique de Paris: the Talens Lyriques will be offering public masterclasses and themed concerts with commentary.<\/p>\n<\/div>\n<\/div>\n<\/div>\n<p>[\/vc_column_text][vc_row_inner content_placement=&#8221;middle&#8221; el_id=&#8221;block2&#8243;][vc_column_inner]<div class=\"twButton text-center text-md-start\">\r\n\t<a href=\"https:\/\/www.lestalenslyriques.com\/wp-content\/uploads\/2025\/06\/Talens25-26-doubles-pages-DEF.pdf\" target=\"_blank\" rel=\"nofollow\" class=\"btn default\">\r\n\t\tCheck out our brochure\t<\/a>\r\n<\/div>\r\n<div class=\"twPopup special\">\n    <div class=\"text-\">\n        <a href=\"javascript:void(0);\" class=\"btn style_1\" data-fancybox data-src=\"#513c5c42-db12-4d9b-953a-3795b2b97120\">\n            Christophe's Edito        <\/a>\n    <\/div>\n\n\n\t    <div class=\"blockPopup special\" id=\"513c5c42-db12-4d9b-953a-3795b2b97120\">\n        <div class=\"blockContentPopup pb-3\">\n            \r\n<div class=\"twTitle div\">\r\n\tChristophe Rousset's Edito for the 25\/26 season<\/div>\r\n\r\n<div class=\"blockContent\"><p>In a world where certainty seems ever more elusive, the lively and richly woven season ahead with Les Talens Lyriques promises a welcome escape. The 2025\/26 season will be filled with opera \u2013 no surprise there \u2013 and as always in opera, love is the beating heart of the drama.<br \/>\nSometimes it\u2019s love fulfilled : Ascanio (the son of Aeneas) and the shepherdess Silvia ; Cadmus and Hermione ; Angelica and Medoro. And sometimes, as we know all too well, it\u2019s love troubled, love unrequited \u2013 Sesto for Vitellia, Orlando for Angelica, Pluto for Proserpina. Love takes many forms. It can be driven by self-interest, as in Gassmann\u2019s L&#8217;Opera Seria, where a soprano compromises herself in rehearsal, desperate to secure a role. But it can also be the pure devotion between siblings,<br \/>\nas with Orestes and Iphigenia. Or the fierce, aching love of a mother \u2013 Ceres, watching helplessly as her daughter is stolen away.<br \/>\nThis new season will come alive with concerts too. It brings me back to Monteverdi and Cavalli, my two faithful companions over the years. And there will be moments of discovery \u2013 Legrenzi, whose music still flies under the radar, but who deserves to be heard. There\u2019s also an exciting programme of symphonies from the revolutionary era, to coincide with<br \/>\nthe major Jacques-Louis David exhibition at the Louvre.<br \/>\nOf course, I must mention the tireless work of our teams with our partner schools. Les Talens Lyriques has always believed in sharing music \u2013 not just on grand stages, but in classrooms, too. Carried by love for the music and the desire to pass it on, we work closely with students in secondary schools around Paris. Each rehearsal we share becomes its own kind of love letter to this art form: a moment when young eyes brighten, when hearts begin to beat a little faster. Seeing these young people discover opera for the first time, watching their sense of wonder grow \u2013 it\u2019s a source of endless inspiration for us, and for their teachers as well.<br \/>\nI couldn\u2019t do any of this without offering my heartfelt thanks to our public partners, and to our major patrons, including Regina and Gregory Weingarten of the GRoW@Annenberg Foundation ; and the Fondation d\u2019entreprise Soci\u00e9t\u00e9 G\u00e9n\u00e9rale, whose support has stood by us for nearly seven years. And of course, the Cercle des M\u00e9c\u00e8nes des Talens, which continues to grow. Your loyalty is a powerful affirmation of our work \u2013 on stages across France and beyond, in schools, and even in hospitals, with our cherished project at the Clinique de la Toussaint in Strasbourg.<br \/>\nWe must never forget: music is a door that opens onto another<br \/>\nworld. It has an extraordinary power to console and to heal. It stirs me at the harpsichord, and when I stand before my Ensemble. And it allows me to weave deep, subtle connections \u2013 with you, our faithful audience, and with the artists who make this adventure possible.<\/p>\n<p>Amor vince ogni cosa !<\/p>\n<\/div>        <\/div>\n    <\/div>\n    <\/div>\n[\/vc_column_inner][\/vc_row_inner]\t\t\t\t<\/div>\r\n\t\t\t<\/div>\r\n\t\t<\/div>\r\n\t<\/div>[\/vc_column][\/vc_row][vc_row content_placement=&#8221;middle&#8221; el_id=&#8221;block4&#8243;][vc_column width=&#8221;1\/2&#8243;][vc_column_text css=&#8221;&#8221; btn_style=&#8221;style_1&#8243; title=&#8221;A rich discography&#8221; subtitle=&#8221;NEW&#8221; subtitle_color=&#8221;#FDC60D&#8221; link=&#8221;url:https%3A%2F%2Fwww.lestalenslyriques.com%2Fen%2Fnotre-discographie%2F|title:Discover%20the%20discography&#8221;]<\/p>\n<p data-start=\"191\" data-end=\"595\">Les Talens Lyriques\u2019 extensive discography now includes over 100 recordings, released by labels such as Erato, Fnac Music, Auvidis, Decca, Na\u00efve, Ambroisie, Virgin Classics, Ediciones Singulares (PBZ), Outhere, Ch\u00e2teau de Versailles Spectacles (CVS), and Apart\u00e9. The ensemble also produced the iconic soundtrack to G\u00e9rard Corbiau\u2019s film <em data-start=\"528\" data-end=\"539\">Farinelli<\/em> (1994), which has sold over a million copies worldwide.<\/p>\n<p data-start=\"597\" data-end=\"1005\">A major highlight of 2026 will be the culmination of a long-standing, passionate artistic journey: the concert and recording of <em data-start=\"725\" data-end=\"745\">Cadmus et Hermione<\/em>, marking the final chapter in the ensemble\u2019s complete Lully cycle\u201425 years after it began with <em data-start=\"841\" data-end=\"849\">Pers\u00e9e<\/em> in 2001. This production will be presented as part of a new joint residency with the Philharmonie de Paris and the Centre de musique baroque de Versailles.<\/p>\n<p data-start=\"1007\" data-end=\"1301\">The coming season will also see the release of four new recordings by Christophe Rousset and Les Talens Lyriques, including <em data-start=\"1131\" data-end=\"1143\">Proserpine<\/em> by Jean-Baptiste Lully (Ch\u00e2teau de Versailles Spectacles, May 2026) and the world premiere of <em data-start=\"1238\" data-end=\"1259\">Ifigenia in Tauride<\/em> by Tommaso Traetta (Apart\u00e9, Spring 2026).<\/p>\n<p>[\/vc_column_text][\/vc_column][vc_column width=&#8221;1\/2&#8243;]<div class=\"twBlock twMultiLogos \">\n    <div class=\"row d-md-flex align-items-center\">\n            <div class=\"col-12 col-md-4\">\n                        <div class=\"logos\">\n                <div class=\"thumb boxRadius20\"><img loading=\"lazy\" decoding=\"async\" src=\"https:\/\/www.lestalenslyriques.com\/wp-content\/uploads\/2025\/06\/erato-186x186.jpg\" class=\"img-fluid\" alt=\"erato\" width=\"186\" height=\"186\" data-rjs=\"2\"\/><\/div><div class=\"thumb boxRadius20\"><img loading=\"lazy\" decoding=\"async\" src=\"https:\/\/www.lestalenslyriques.com\/wp-content\/uploads\/2025\/06\/decca-186x186.jpg\" class=\"img-fluid\" alt=\"decca\" width=\"186\" height=\"186\" data-rjs=\"2\"\/><\/div>            <\/div>\n                    <\/div>\n            <div class=\"col-12 col-md-4\">\n                        <div class=\"logos\">\n                <div class=\"thumb boxRadius20\"><img loading=\"lazy\" decoding=\"async\" src=\"https:\/\/www.lestalenslyriques.com\/wp-content\/uploads\/2025\/06\/auvidis-186x186.jpg\" class=\"img-fluid\" alt=\"auvidis\" width=\"186\" height=\"186\" data-rjs=\"2\"\/><\/div><div class=\"thumb boxRadius20\"><img loading=\"lazy\" decoding=\"async\" src=\"https:\/\/www.lestalenslyriques.com\/wp-content\/uploads\/2025\/06\/vers-186x186.jpg\" class=\"img-fluid\" alt=\"vers\" width=\"186\" height=\"186\" data-rjs=\"2\"\/><\/div>            <\/div>\n                    <\/div>\n            <div class=\"col-12 col-md-4\">\n                        <div class=\"logos\">\n                <div class=\"thumb boxRadius20\"><img loading=\"lazy\" decoding=\"async\" src=\"https:\/\/www.lestalenslyriques.com\/wp-content\/uploads\/2025\/06\/virgin-186x186.jpg\" class=\"img-fluid\" alt=\"virgin\" width=\"186\" height=\"186\" data-rjs=\"2\"\/><\/div><div class=\"thumb boxRadius20\"><img loading=\"lazy\" decoding=\"async\" src=\"https:\/\/www.lestalenslyriques.com\/wp-content\/uploads\/2025\/06\/naive-186x186.jpg\" class=\"img-fluid\" alt=\"naive\" width=\"186\" height=\"186\" data-rjs=\"2\"\/><\/div>            <\/div>\n                    <\/div>\n        <\/div>\n<\/div>\n[\/vc_column][\/vc_row][vc_row][vc_column width=&#8221;1\/12&#8243;][\/vc_column][vc_column width=&#8221;5\/6&#8243;][vc_column_text css=&#8221;&#8221; align=&#8221;center&#8221; title=&#8221;Our supporters&#8221; subtitle=&#8221;PARTNERS&#8221; subtitle_color=&#8221;#FDC60D&#8221;]The ensemble Les Talens Lyriques receives subsidies from the French Ministry of Culture-Drac Ile-de-France and the City of Paris, and generous support from its Circle of Patrons. The ensemble wishes to thank its principal Patrons, notably the Annenberg Foundation \/ GRoW &#8211; Gregory and Regina Annenberg Weingarten and La Foundation d&#8217;entreprise Soci\u00e9t\u00e9 G\u00e9n\u00e9rale.<\/p>\n<p>Since 2011 Les Talens Lyriques have been associate artists, in residence at the Singer-Polignac Foundation in Paris.[\/vc_column_text][\/vc_column][vc_column width=&#8221;1\/12&#8243;][\/vc_column][\/vc_row][vc_row][vc_column]<div class=\"twBlock twLogos isMobileButton \">\n    <div class=\"row d-md-flex align-items-center\">\n        <div class=\"col-12 col-md-6\">\n                    <\/div>\n        <div class=\"col-12 col-md-6 text-end\">\n                        <div class=\"buttons d-flex align-items-center justify-content-end btnDesktop\">\n                            <\/div>\n                    <\/div>\n    <\/div>\n        <ul class=\"blockLogo customScrollbar\">\n                <li>\n                        <img loading=\"lazy\" decoding=\"async\" src=\"https:\/\/www.lestalenslyriques.com\/wp-content\/uploads\/2025\/05\/logo-1-158x119.png\" class=\"img-fluid\" alt=\"logo-1\" width=\"158\" height=\"119\" data-rjs=\"2\"\/>                    <\/li>\n                <li>\n                        <img loading=\"lazy\" decoding=\"async\" src=\"https:\/\/www.lestalenslyriques.com\/wp-content\/uploads\/2025\/05\/logo-2-91x92.png\" class=\"img-fluid\" alt=\"logo-2\" width=\"91\" height=\"92\" data-rjs=\"2\"\/>                    <\/li>\n                <li>\n                        <img loading=\"lazy\" decoding=\"async\" src=\"https:\/\/www.lestalenslyriques.com\/wp-content\/uploads\/2025\/05\/logo-3-270x44.png\" class=\"img-fluid\" alt=\"logo-3\" width=\"270\" height=\"44\" data-rjs=\"2\"\/>                    <\/li>\n                <li>\n                        <img loading=\"lazy\" decoding=\"async\" src=\"https:\/\/www.lestalenslyriques.com\/wp-content\/uploads\/2025\/05\/logo-4-144x61.png\" class=\"img-fluid\" alt=\"logo-4\" width=\"144\" height=\"61\" data-rjs=\"2\"\/>                    <\/li>\n                <li>\n                        <img loading=\"lazy\" decoding=\"async\" src=\"https:\/\/www.lestalenslyriques.com\/wp-content\/uploads\/2025\/05\/logo-5-270x35.png\" class=\"img-fluid\" alt=\"logo-5\" width=\"270\" height=\"35\" data-rjs=\"2\"\/>                    <\/li>\n            <\/ul>\n    \n    <div class=\"mobile btnMobile text-center twButtons\"><\/div>\n<\/div>\n[\/vc_column][\/vc_row][vc_row el_id=&#8221;block5&#8243;][vc_column width=&#8221;1\/12&#8243;][\/vc_column][vc_column width=&#8221;5\/6&#8243;][vc_column_text css=&#8221;&#8221; align=&#8221;center&#8221; btn_style=&#8221;style_1&#8243; link=&#8221;url:https%3A%2F%2Fwww.lestalenslyriques.com%2Fen%2Finstitutionnels%2F|title:Institutionals&#8221;]<strong>Les Talens Lyriques are founding members of FEVIS (Federation of Specialised Vocal and Instrumental Ensembles) and of SCENE ENSEMBLE (Organisation professionnelle des arts de la repr\u00e9sentation).<\/strong>[\/vc_column_text][\/vc_column][vc_column width=&#8221;1\/12&#8243;][\/vc_column][\/vc_row][vc_row][vc_column][vc_column_text css=&#8221;&#8221; btn_style=&#8221;style_1&#8243; title=&#8221;Since 2007&#8243; subtitle=&#8221;Educational outreach&#8221; subtitle_color=&#8221;#FDC60D&#8221; link=&#8221;url:https%3A%2F%2Fwww.lestalenslyriques.com%2Fen%2Factionspedagogiques%2F|title:Discover%20our%20residencies&#8221; image=&#8221;5931&#8243;]<\/p>\n<p data-start=\"159\" data-end=\"432\"><strong data-start=\"159\" data-end=\"432\">The ensemble works to introduce pupils to music through a programme of ambitious artistic initiatives and innovative educational methods. As part of their school residencies in Paris and the \u00cele-de-France region, they have established an orchestra class in Thiais (94).<\/strong><\/p>\n<p>[\/vc_column_text][\/vc_column][\/vc_row][vc_row][vc_column][vc_empty_space][\/vc_column][\/vc_row]<\/p>\n<\/div>","protected":false},"excerpt":{"rendered":"<p>[vc_row el_id=&#8221;block1&#8243;][vc_column width=&#8221;1\/12&#8243;][\/vc_column][vc_column width=&#8221;5\/6&#8243;][vc_column_text css=&#8221;&#8221; align=&#8221;center&#8221; title=&#8221;Our repertoire&#8221; subtitle=&#8221;From early Baroque to Romantism&#8221; subtitle_color=&#8221;#FDC60D&#8221;]Championing a wide operatic and instrumental repertoire spanning from early Baroque to early Romanticism, Les Talens Lyriques seeks to illuminate the great masterpieces of music history by exploring rarer or previously unpublished works\u2014often serving as missing links in Europe\u2019s musical heritage. This [&hellip;]<\/p>\n","protected":false},"author":4,"featured_media":5853,"parent":0,"menu_order":0,"comment_status":"closed","ping_status":"closed","template":"","meta":{"_acf_changed":false,"footnotes":""},"class_list":["post-1085","page","type-page","status-publish","has-post-thumbnail","hentry"],"acf":[],"yoast_head":"<!-- This site is optimized with the Yoast SEO plugin v27.5 - https:\/\/yoast.com\/product\/yoast-seo-wordpress\/ -->\n<title>Les Talens Lyriques | Les Talens Lyriques<\/title>\n<meta name=\"robots\" content=\"index, follow, max-snippet:-1, max-image-preview:large, max-video-preview:-1\" \/>\n<link rel=\"canonical\" href=\"https:\/\/www.lestalenslyriques.com\/en\/les-talens-lyriques\/\" \/>\n<meta property=\"og:locale\" content=\"en_US\" \/>\n<meta property=\"og:type\" content=\"article\" \/>\n<meta property=\"og:title\" content=\"Les Talens Lyriques | Les Talens Lyriques\" \/>\n<meta property=\"og:description\" content=\"[vc_row el_id=&#8221;block1&#8243;][vc_column width=&#8221;1\/12&#8243;][\/vc_column][vc_column width=&#8221;5\/6&#8243;][vc_column_text css=&#8221;&#8221; align=&#8221;center&#8221; title=&#8221;Our repertoire&#8221; subtitle=&#8221;From early Baroque to Romantism&#8221; subtitle_color=&#8221;#FDC60D&#8221;]Championing a wide operatic and instrumental repertoire spanning from early Baroque to early Romanticism, Les Talens Lyriques seeks to illuminate the great masterpieces of music history by exploring rarer or previously unpublished works\u2014often serving as missing links in Europe\u2019s musical heritage. This [&hellip;]\" \/>\n<meta property=\"og:url\" content=\"https:\/\/www.lestalenslyriques.com\/en\/les-talens-lyriques\/\" \/>\n<meta property=\"og:site_name\" content=\"Les Talens Lyriques\" \/>\n<meta property=\"article:modified_time\" content=\"2025-06-25T11:41:58+00:00\" \/>\n<meta property=\"og:image\" content=\"https:\/\/www.lestalenslyriques.com\/wp-content\/uploads\/2025\/06\/VisuelHeader-LesTalensLyriques.jpg\" \/>\n\t<meta property=\"og:image:width\" content=\"2560\" \/>\n\t<meta property=\"og:image:height\" content=\"1000\" \/>\n\t<meta property=\"og:image:type\" content=\"image\/jpeg\" \/>\n<meta name=\"twitter:card\" content=\"summary_large_image\" \/>\n<meta name=\"twitter:label1\" content=\"Est. reading time\" \/>\n\t<meta name=\"twitter:data1\" content=\"11 minutes\" \/>\n<script type=\"application\/ld+json\" class=\"yoast-schema-graph\">{\"@context\":\"https:\\\/\\\/schema.org\",\"@graph\":[{\"@type\":\"WebPage\",\"@id\":\"https:\\\/\\\/www.lestalenslyriques.com\\\/en\\\/les-talens-lyriques\\\/\",\"url\":\"https:\\\/\\\/www.lestalenslyriques.com\\\/en\\\/les-talens-lyriques\\\/\",\"name\":\"Les Talens Lyriques | Les Talens Lyriques\",\"isPartOf\":{\"@id\":\"https:\\\/\\\/www.lestalenslyriques.com\\\/en\\\/#website\"},\"primaryImageOfPage\":{\"@id\":\"https:\\\/\\\/www.lestalenslyriques.com\\\/en\\\/les-talens-lyriques\\\/#primaryimage\"},\"image\":{\"@id\":\"https:\\\/\\\/www.lestalenslyriques.com\\\/en\\\/les-talens-lyriques\\\/#primaryimage\"},\"thumbnailUrl\":\"https:\\\/\\\/www.lestalenslyriques.com\\\/wp-content\\\/uploads\\\/2025\\\/06\\\/VisuelHeader-LesTalensLyriques.jpg\",\"datePublished\":\"2019-01-25T09:23:12+00:00\",\"dateModified\":\"2025-06-25T11:41:58+00:00\",\"breadcrumb\":{\"@id\":\"https:\\\/\\\/www.lestalenslyriques.com\\\/en\\\/les-talens-lyriques\\\/#breadcrumb\"},\"inLanguage\":\"en-US\",\"potentialAction\":[{\"@type\":\"ReadAction\",\"target\":[\"https:\\\/\\\/www.lestalenslyriques.com\\\/en\\\/les-talens-lyriques\\\/\"]}]},{\"@type\":\"ImageObject\",\"inLanguage\":\"en-US\",\"@id\":\"https:\\\/\\\/www.lestalenslyriques.com\\\/en\\\/les-talens-lyriques\\\/#primaryimage\",\"url\":\"https:\\\/\\\/www.lestalenslyriques.com\\\/wp-content\\\/uploads\\\/2025\\\/06\\\/VisuelHeader-LesTalensLyriques.jpg\",\"contentUrl\":\"https:\\\/\\\/www.lestalenslyriques.com\\\/wp-content\\\/uploads\\\/2025\\\/06\\\/VisuelHeader-LesTalensLyriques.jpg\",\"width\":2560,\"height\":1000},{\"@type\":\"BreadcrumbList\",\"@id\":\"https:\\\/\\\/www.lestalenslyriques.com\\\/en\\\/les-talens-lyriques\\\/#breadcrumb\",\"itemListElement\":[{\"@type\":\"ListItem\",\"position\":1,\"name\":\"Accueil\",\"item\":\"https:\\\/\\\/www.lestalenslyriques.com\\\/en\\\/\"},{\"@type\":\"ListItem\",\"position\":2,\"name\":\"Les Talens Lyriques\"}]},{\"@type\":\"WebSite\",\"@id\":\"https:\\\/\\\/www.lestalenslyriques.com\\\/en\\\/#website\",\"url\":\"https:\\\/\\\/www.lestalenslyriques.com\\\/en\\\/\",\"name\":\"Les Talens Lyriques\",\"description\":\"Christophe Rousset\",\"potentialAction\":[{\"@type\":\"SearchAction\",\"target\":{\"@type\":\"EntryPoint\",\"urlTemplate\":\"https:\\\/\\\/www.lestalenslyriques.com\\\/en\\\/?s={search_term_string}\"},\"query-input\":{\"@type\":\"PropertyValueSpecification\",\"valueRequired\":true,\"valueName\":\"search_term_string\"}}],\"inLanguage\":\"en-US\"}]}<\/script>\n<!-- \/ Yoast SEO plugin. -->","yoast_head_json":{"title":"Les Talens Lyriques | Les Talens Lyriques","robots":{"index":"index","follow":"follow","max-snippet":"max-snippet:-1","max-image-preview":"max-image-preview:large","max-video-preview":"max-video-preview:-1"},"canonical":"https:\/\/www.lestalenslyriques.com\/en\/les-talens-lyriques\/","og_locale":"en_US","og_type":"article","og_title":"Les Talens Lyriques | Les Talens Lyriques","og_description":"[vc_row el_id=&#8221;block1&#8243;][vc_column width=&#8221;1\/12&#8243;][\/vc_column][vc_column width=&#8221;5\/6&#8243;][vc_column_text css=&#8221;&#8221; align=&#8221;center&#8221; title=&#8221;Our repertoire&#8221; subtitle=&#8221;From early Baroque to Romantism&#8221; subtitle_color=&#8221;#FDC60D&#8221;]Championing a wide operatic and instrumental repertoire spanning from early Baroque to early Romanticism, Les Talens Lyriques seeks to illuminate the great masterpieces of music history by exploring rarer or previously unpublished works\u2014often serving as missing links in Europe\u2019s musical heritage. This [&hellip;]","og_url":"https:\/\/www.lestalenslyriques.com\/en\/les-talens-lyriques\/","og_site_name":"Les Talens Lyriques","article_modified_time":"2025-06-25T11:41:58+00:00","og_image":[{"width":2560,"height":1000,"url":"https:\/\/www.lestalenslyriques.com\/wp-content\/uploads\/2025\/06\/VisuelHeader-LesTalensLyriques.jpg","type":"image\/jpeg"}],"twitter_card":"summary_large_image","twitter_misc":{"Est. reading time":"11 minutes"},"schema":{"@context":"https:\/\/schema.org","@graph":[{"@type":"WebPage","@id":"https:\/\/www.lestalenslyriques.com\/en\/les-talens-lyriques\/","url":"https:\/\/www.lestalenslyriques.com\/en\/les-talens-lyriques\/","name":"Les Talens Lyriques | Les Talens Lyriques","isPartOf":{"@id":"https:\/\/www.lestalenslyriques.com\/en\/#website"},"primaryImageOfPage":{"@id":"https:\/\/www.lestalenslyriques.com\/en\/les-talens-lyriques\/#primaryimage"},"image":{"@id":"https:\/\/www.lestalenslyriques.com\/en\/les-talens-lyriques\/#primaryimage"},"thumbnailUrl":"https:\/\/www.lestalenslyriques.com\/wp-content\/uploads\/2025\/06\/VisuelHeader-LesTalensLyriques.jpg","datePublished":"2019-01-25T09:23:12+00:00","dateModified":"2025-06-25T11:41:58+00:00","breadcrumb":{"@id":"https:\/\/www.lestalenslyriques.com\/en\/les-talens-lyriques\/#breadcrumb"},"inLanguage":"en-US","potentialAction":[{"@type":"ReadAction","target":["https:\/\/www.lestalenslyriques.com\/en\/les-talens-lyriques\/"]}]},{"@type":"ImageObject","inLanguage":"en-US","@id":"https:\/\/www.lestalenslyriques.com\/en\/les-talens-lyriques\/#primaryimage","url":"https:\/\/www.lestalenslyriques.com\/wp-content\/uploads\/2025\/06\/VisuelHeader-LesTalensLyriques.jpg","contentUrl":"https:\/\/www.lestalenslyriques.com\/wp-content\/uploads\/2025\/06\/VisuelHeader-LesTalensLyriques.jpg","width":2560,"height":1000},{"@type":"BreadcrumbList","@id":"https:\/\/www.lestalenslyriques.com\/en\/les-talens-lyriques\/#breadcrumb","itemListElement":[{"@type":"ListItem","position":1,"name":"Accueil","item":"https:\/\/www.lestalenslyriques.com\/en\/"},{"@type":"ListItem","position":2,"name":"Les Talens Lyriques"}]},{"@type":"WebSite","@id":"https:\/\/www.lestalenslyriques.com\/en\/#website","url":"https:\/\/www.lestalenslyriques.com\/en\/","name":"Les Talens Lyriques","description":"Christophe Rousset","potentialAction":[{"@type":"SearchAction","target":{"@type":"EntryPoint","urlTemplate":"https:\/\/www.lestalenslyriques.com\/en\/?s={search_term_string}"},"query-input":{"@type":"PropertyValueSpecification","valueRequired":true,"valueName":"search_term_string"}}],"inLanguage":"en-US"}]}},"_links":{"self":[{"href":"https:\/\/www.lestalenslyriques.com\/en\/wp-json\/wp\/v2\/pages\/1085","targetHints":{"allow":["GET"]}}],"collection":[{"href":"https:\/\/www.lestalenslyriques.com\/en\/wp-json\/wp\/v2\/pages"}],"about":[{"href":"https:\/\/www.lestalenslyriques.com\/en\/wp-json\/wp\/v2\/types\/page"}],"author":[{"embeddable":true,"href":"https:\/\/www.lestalenslyriques.com\/en\/wp-json\/wp\/v2\/users\/4"}],"replies":[{"embeddable":true,"href":"https:\/\/www.lestalenslyriques.com\/en\/wp-json\/wp\/v2\/comments?post=1085"}],"version-history":[{"count":0,"href":"https:\/\/www.lestalenslyriques.com\/en\/wp-json\/wp\/v2\/pages\/1085\/revisions"}],"wp:featuredmedia":[{"embeddable":true,"href":"https:\/\/www.lestalenslyriques.com\/en\/wp-json\/wp\/v2\/media\/5853"}],"wp:attachment":[{"href":"https:\/\/www.lestalenslyriques.com\/en\/wp-json\/wp\/v2\/media?parent=1085"}],"curies":[{"name":"wp","href":"https:\/\/api.w.org\/{rel}","templated":true}]}}