{"id":7296,"date":"2025-06-06T15:37:01","date_gmt":"2025-06-06T13:37:01","guid":{"rendered":"https:\/\/www.lestalenslyriques.com\/event\/la-clemenza-di-tito\/"},"modified":"2025-11-14T16:51:25","modified_gmt":"2025-11-14T15:51:25","slug":"la-clemenza-di-tito","status":"publish","type":"event","link":"https:\/\/www.lestalenslyriques.com\/en\/event\/la-clemenza-di-tito\/","title":{"rendered":"La clemenza di Tito"},"content":{"rendered":"<div class=\"page\" title=\"Page 27\">\n<div class=\"section\">\n<div class=\"layoutArea\">\n<div class=\"column\">\n<div class=\"page\" title=\"Page 27\">\n<div class=\"page\" title=\"Page 27\">\n<div class=\"section\">\n<div class=\"layoutArea\">\n<p>Opera seria in two acts first performed on the 6th of September 1791 at the Stavosk\u00e9 Divadlo in Prague for the coronation of L\u00e9opold II, on a libretto by Caterino Mazzol\u00e0 (from M\u00e9tastase).<\/p>\n<p>Opera in concert.<\/p>\n<p>&nbsp;<\/p>\n<\/div>\n<\/div>\n<\/div>\n<div>\n<p><strong>Coproduction Mozartfest W\u00fcrzburg &#8211; les Talens Lyriques.<\/strong><\/p>\n<p>&nbsp;<\/p>\n<p>CAST<\/p>\n<\/div>\n<div class=\"page\" title=\"Page 27\">\n<div class=\"section\">\n<div class=\"layoutArea\">\n<div class=\"column\">\n<div class=\"page\" title=\"Page 27\">\n<div class=\"page\" title=\"Page 27\">\n<div class=\"section\">\n<div class=\"layoutArea\">\n<div class=\"column\">\n<div class=\"page\" title=\"Page 27\">\n<p><strong>Jeremy Ovenden<\/strong>,\u00a0Tito<br \/>\n<strong>Aphrodite Patoulidou<\/strong>,\u00a0Vitellia<br \/>\n<strong>Anna El-Khashem<\/strong>, Servilia<br \/>\n<strong>Maite Beaumont<\/strong>,\u00a0Sesto<br \/>\n<strong>Ambroisine Br\u00e9<\/strong>, Annio<br \/>\n<strong>Adrien Fournaison<\/strong>,\u00a0Publio<\/p>\n<p><strong>Mozartfest W\u00fcrzburg Choir<\/strong><\/p>\n<\/div>\n<div class=\"page\" title=\"Page 27\"><strong>Les Talens Lyriques<\/strong><br \/>\n<strong>Christophe Rousset<\/strong>, pianoforte and direction<\/div>\n<\/div>\n<\/div>\n<\/div>\n<\/div>\n<\/div>\n<\/div>\n<\/div>\n<\/div>\n<\/div>\n<\/div>\n<\/div>\n<\/div>\n<\/div>\n<\/div>\n","protected":false},"featured_media":5485,"template":"","event-type":[111],"event-saison":[546],"class_list":["post-7296","event","type-event","status-publish","has-post-thumbnail","hentry","event-type-opera-and-oratorio-en","event-saison-season-2025-2026"],"acf":[],"yoast_head":"<!-- This site is optimized with the Yoast SEO plugin v27.5 - https:\/\/yoast.com\/product\/yoast-seo-wordpress\/ -->\n<title>La clemenza di Tito | Les Talens Lyriques<\/title>\n<meta name=\"robots\" content=\"index, follow, max-snippet:-1, max-image-preview:large, max-video-preview:-1\" \/>\n<link rel=\"canonical\" href=\"https:\/\/www.lestalenslyriques.com\/en\/event\/la-clemenza-di-tito\/\" \/>\n<meta property=\"og:locale\" content=\"en_US\" \/>\n<meta property=\"og:type\" content=\"article\" \/>\n<meta property=\"og:title\" content=\"La clemenza di Tito | Les Talens Lyriques\" \/>\n<meta property=\"og:description\" content=\"Opera seria in two acts first performed on the 6th of September 1791 at the Stavosk\u00e9 Divadlo in Prague for the coronation of L\u00e9opold II, on a libretto by Caterino Mazzol\u00e0 (from M\u00e9tastase). Opera in concert. &nbsp; Coproduction Mozartfest W\u00fcrzburg &#8211; les Talens Lyriques. &nbsp; CAST Jeremy Ovenden,\u00a0Tito Aphrodite Patoulidou,\u00a0Vitellia Anna El-Khashem, Servilia Maite Beaumont,\u00a0Sesto [&hellip;]\" \/>\n<meta property=\"og:url\" content=\"https:\/\/www.lestalenslyriques.com\/en\/event\/la-clemenza-di-tito\/\" \/>\n<meta property=\"og:site_name\" content=\"Les Talens Lyriques\" \/>\n<meta property=\"article:modified_time\" content=\"2025-11-14T15:51:25+00:00\" \/>\n<meta property=\"og:image\" content=\"https:\/\/www.lestalenslyriques.com\/wp-content\/uploads\/2025\/05\/Capture-decran-2025-05-07-a-12.09.12-1.png\" \/>\n\t<meta property=\"og:image:width\" content=\"914\" \/>\n\t<meta property=\"og:image:height\" content=\"666\" \/>\n\t<meta property=\"og:image:type\" content=\"image\/png\" \/>\n<meta name=\"twitter:card\" content=\"summary_large_image\" \/>\n<meta name=\"twitter:label1\" content=\"Est. reading time\" \/>\n\t<meta name=\"twitter:data1\" content=\"1 minute\" \/>\n<script type=\"application\/ld+json\" class=\"yoast-schema-graph\">{\"@context\":\"https:\\\/\\\/schema.org\",\"@graph\":[{\"@type\":\"WebPage\",\"@id\":\"https:\\\/\\\/www.lestalenslyriques.com\\\/en\\\/event\\\/la-clemenza-di-tito\\\/\",\"url\":\"https:\\\/\\\/www.lestalenslyriques.com\\\/en\\\/event\\\/la-clemenza-di-tito\\\/\",\"name\":\"La clemenza di Tito | Les Talens Lyriques\",\"isPartOf\":{\"@id\":\"https:\\\/\\\/www.lestalenslyriques.com\\\/en\\\/#website\"},\"primaryImageOfPage\":{\"@id\":\"https:\\\/\\\/www.lestalenslyriques.com\\\/en\\\/event\\\/la-clemenza-di-tito\\\/#primaryimage\"},\"image\":{\"@id\":\"https:\\\/\\\/www.lestalenslyriques.com\\\/en\\\/event\\\/la-clemenza-di-tito\\\/#primaryimage\"},\"thumbnailUrl\":\"https:\\\/\\\/www.lestalenslyriques.com\\\/wp-content\\\/uploads\\\/2025\\\/05\\\/Capture-decran-2025-05-07-a-12.09.12-1.png\",\"datePublished\":\"2025-06-06T13:37:01+00:00\",\"dateModified\":\"2025-11-14T15:51:25+00:00\",\"breadcrumb\":{\"@id\":\"https:\\\/\\\/www.lestalenslyriques.com\\\/en\\\/event\\\/la-clemenza-di-tito\\\/#breadcrumb\"},\"inLanguage\":\"en-US\",\"potentialAction\":[{\"@type\":\"ReadAction\",\"target\":[\"https:\\\/\\\/www.lestalenslyriques.com\\\/en\\\/event\\\/la-clemenza-di-tito\\\/\"]}]},{\"@type\":\"ImageObject\",\"inLanguage\":\"en-US\",\"@id\":\"https:\\\/\\\/www.lestalenslyriques.com\\\/en\\\/event\\\/la-clemenza-di-tito\\\/#primaryimage\",\"url\":\"https:\\\/\\\/www.lestalenslyriques.com\\\/wp-content\\\/uploads\\\/2025\\\/05\\\/Capture-decran-2025-05-07-a-12.09.12-1.png\",\"contentUrl\":\"https:\\\/\\\/www.lestalenslyriques.com\\\/wp-content\\\/uploads\\\/2025\\\/05\\\/Capture-decran-2025-05-07-a-12.09.12-1.png\",\"width\":914,\"height\":666},{\"@type\":\"BreadcrumbList\",\"@id\":\"https:\\\/\\\/www.lestalenslyriques.com\\\/en\\\/event\\\/la-clemenza-di-tito\\\/#breadcrumb\",\"itemListElement\":[{\"@type\":\"ListItem\",\"position\":1,\"name\":\"Accueil\",\"item\":\"https:\\\/\\\/www.lestalenslyriques.com\\\/en\\\/\"},{\"@type\":\"ListItem\",\"position\":2,\"name\":\"Calendar\",\"item\":\"https:\\\/\\\/www.lestalenslyriques.com\\\/en\\\/event\\\/\"},{\"@type\":\"ListItem\",\"position\":3,\"name\":\"La clemenza di Tito\"}]},{\"@type\":\"WebSite\",\"@id\":\"https:\\\/\\\/www.lestalenslyriques.com\\\/en\\\/#website\",\"url\":\"https:\\\/\\\/www.lestalenslyriques.com\\\/en\\\/\",\"name\":\"Les Talens Lyriques\",\"description\":\"Christophe Rousset\",\"potentialAction\":[{\"@type\":\"SearchAction\",\"target\":{\"@type\":\"EntryPoint\",\"urlTemplate\":\"https:\\\/\\\/www.lestalenslyriques.com\\\/en\\\/?s={search_term_string}\"},\"query-input\":{\"@type\":\"PropertyValueSpecification\",\"valueRequired\":true,\"valueName\":\"search_term_string\"}}],\"inLanguage\":\"en-US\"}]}<\/script>\n<!-- \/ Yoast SEO plugin. -->","yoast_head_json":{"title":"La clemenza di Tito | Les Talens Lyriques","robots":{"index":"index","follow":"follow","max-snippet":"max-snippet:-1","max-image-preview":"max-image-preview:large","max-video-preview":"max-video-preview:-1"},"canonical":"https:\/\/www.lestalenslyriques.com\/en\/event\/la-clemenza-di-tito\/","og_locale":"en_US","og_type":"article","og_title":"La clemenza di Tito | Les Talens Lyriques","og_description":"Opera seria in two acts first performed on the 6th of September 1791 at the Stavosk\u00e9 Divadlo in Prague for the coronation of L\u00e9opold II, on a libretto by Caterino Mazzol\u00e0 (from M\u00e9tastase). Opera in concert. &nbsp; Coproduction Mozartfest W\u00fcrzburg &#8211; les Talens Lyriques. &nbsp; CAST Jeremy Ovenden,\u00a0Tito Aphrodite Patoulidou,\u00a0Vitellia Anna El-Khashem, Servilia Maite Beaumont,\u00a0Sesto [&hellip;]","og_url":"https:\/\/www.lestalenslyriques.com\/en\/event\/la-clemenza-di-tito\/","og_site_name":"Les Talens Lyriques","article_modified_time":"2025-11-14T15:51:25+00:00","og_image":[{"width":914,"height":666,"url":"https:\/\/www.lestalenslyriques.com\/wp-content\/uploads\/2025\/05\/Capture-decran-2025-05-07-a-12.09.12-1.png","type":"image\/png"}],"twitter_card":"summary_large_image","twitter_misc":{"Est. reading time":"1 minute"},"schema":{"@context":"https:\/\/schema.org","@graph":[{"@type":"WebPage","@id":"https:\/\/www.lestalenslyriques.com\/en\/event\/la-clemenza-di-tito\/","url":"https:\/\/www.lestalenslyriques.com\/en\/event\/la-clemenza-di-tito\/","name":"La clemenza di Tito | Les Talens Lyriques","isPartOf":{"@id":"https:\/\/www.lestalenslyriques.com\/en\/#website"},"primaryImageOfPage":{"@id":"https:\/\/www.lestalenslyriques.com\/en\/event\/la-clemenza-di-tito\/#primaryimage"},"image":{"@id":"https:\/\/www.lestalenslyriques.com\/en\/event\/la-clemenza-di-tito\/#primaryimage"},"thumbnailUrl":"https:\/\/www.lestalenslyriques.com\/wp-content\/uploads\/2025\/05\/Capture-decran-2025-05-07-a-12.09.12-1.png","datePublished":"2025-06-06T13:37:01+00:00","dateModified":"2025-11-14T15:51:25+00:00","breadcrumb":{"@id":"https:\/\/www.lestalenslyriques.com\/en\/event\/la-clemenza-di-tito\/#breadcrumb"},"inLanguage":"en-US","potentialAction":[{"@type":"ReadAction","target":["https:\/\/www.lestalenslyriques.com\/en\/event\/la-clemenza-di-tito\/"]}]},{"@type":"ImageObject","inLanguage":"en-US","@id":"https:\/\/www.lestalenslyriques.com\/en\/event\/la-clemenza-di-tito\/#primaryimage","url":"https:\/\/www.lestalenslyriques.com\/wp-content\/uploads\/2025\/05\/Capture-decran-2025-05-07-a-12.09.12-1.png","contentUrl":"https:\/\/www.lestalenslyriques.com\/wp-content\/uploads\/2025\/05\/Capture-decran-2025-05-07-a-12.09.12-1.png","width":914,"height":666},{"@type":"BreadcrumbList","@id":"https:\/\/www.lestalenslyriques.com\/en\/event\/la-clemenza-di-tito\/#breadcrumb","itemListElement":[{"@type":"ListItem","position":1,"name":"Accueil","item":"https:\/\/www.lestalenslyriques.com\/en\/"},{"@type":"ListItem","position":2,"name":"Calendar","item":"https:\/\/www.lestalenslyriques.com\/en\/event\/"},{"@type":"ListItem","position":3,"name":"La clemenza di Tito"}]},{"@type":"WebSite","@id":"https:\/\/www.lestalenslyriques.com\/en\/#website","url":"https:\/\/www.lestalenslyriques.com\/en\/","name":"Les Talens Lyriques","description":"Christophe Rousset","potentialAction":[{"@type":"SearchAction","target":{"@type":"EntryPoint","urlTemplate":"https:\/\/www.lestalenslyriques.com\/en\/?s={search_term_string}"},"query-input":{"@type":"PropertyValueSpecification","valueRequired":true,"valueName":"search_term_string"}}],"inLanguage":"en-US"}]}},"_links":{"self":[{"href":"https:\/\/www.lestalenslyriques.com\/en\/wp-json\/wp\/v2\/event\/7296","targetHints":{"allow":["GET"]}}],"collection":[{"href":"https:\/\/www.lestalenslyriques.com\/en\/wp-json\/wp\/v2\/event"}],"about":[{"href":"https:\/\/www.lestalenslyriques.com\/en\/wp-json\/wp\/v2\/types\/event"}],"wp:featuredmedia":[{"embeddable":true,"href":"https:\/\/www.lestalenslyriques.com\/en\/wp-json\/wp\/v2\/media\/5485"}],"wp:attachment":[{"href":"https:\/\/www.lestalenslyriques.com\/en\/wp-json\/wp\/v2\/media?parent=7296"}],"wp:term":[{"taxonomy":"event-type","embeddable":true,"href":"https:\/\/www.lestalenslyriques.com\/en\/wp-json\/wp\/v2\/event-type?post=7296"},{"taxonomy":"event-saison","embeddable":true,"href":"https:\/\/www.lestalenslyriques.com\/en\/wp-json\/wp\/v2\/event-saison?post=7296"}],"curies":[{"name":"wp","href":"https:\/\/api.w.org\/{rel}","templated":true}]}}