{"id":3821,"date":"2022-06-30T15:28:11","date_gmt":"2022-06-30T13:28:11","guid":{"rendered":"https:\/\/www.lestalenslyriques.com\/?post_type=event&#038;p=3821"},"modified":"2022-06-30T15:28:11","modified_gmt":"2022-06-30T13:28:11","slug":"pygmalion-almasis","status":"publish","type":"event","link":"https:\/\/www.lestalenslyriques.com\/en\/event\/pygmalion-almasis\/","title":{"rendered":"Pygmalion &#038; Almasis"},"content":{"rendered":"<div class=\"page\" title=\"Page 71\">\n<div class=\"layoutArea\">\n<div class=\"column\">\n<p class=\"p2\"><strong>Jean-Philippe Rameau (1683-1764)<\/strong><br \/>\n<em>Pygmalion<\/em> (1748)<\/p>\n<p class=\"p3\">Acte de ballet sur un livret de Sylvain Ballot de Sauvot, d\u2019apr\u00e8s Antoine Houdar de la Motte cr\u00e9\u00e9 le 27 ao\u00fbt 1748 \u00e0 l\u2019Acad\u00e9mie royale de musique, \u00e0 Paris<\/p>\n<p class=\"p2\"><strong>Pancrace Royer (ca 1705-1755)<\/strong><br \/>\n<em>Almasis<\/em> (1748)<\/p>\n<p class=\"p3\">Acte de ballet sur un livret de Fran\u00e7ois-Augustin Paradis de Moncrif cr\u00e9\u00e9 le 26 f\u00e9vrier 1748 au th\u00e9\u00e2tre de Madame de Pompadour, \u00e0 Versailles<\/p>\n<p class=\"p4\"><strong>Mathias Vidal<span class=\"s1\">\u00a0<\/span><\/strong>t\u00e9nor haute-contre<br \/>\n<strong>D\u00e9borah Cachet<\/strong><span class=\"s1\">\u00a0<\/span>soprano<span class=\"Apple-converted-space\"><br \/>\n<\/span><strong>Natalie Perrez<\/strong> mezzo-soprano<br \/>\n<strong>Ambroisine Br\u00e9<\/strong> mezzo-soprano<br \/>\n<strong>David Witczak<\/strong> baryton<\/p>\n<p class=\"p4\"><strong>Choeur de Chambre de Namur<\/strong><br \/>\n<strong>Les Talens Lyriques<\/strong><br \/>\n<strong>Christophe Rousset<\/strong><span class=\"s1\">\u00a0<\/span>direction<\/p>\n<\/div>\n<\/div>\n<\/div>\n","protected":false},"featured_media":3769,"template":"","event-type":[111],"event-saison":[329],"class_list":["post-3821","event","type-event","status-publish","has-post-thumbnail","hentry","event-type-opera-and-oratorio-en","event-saison-season-2022-2023"],"acf":[],"yoast_head":"<!-- This site is optimized with the Yoast SEO plugin v27.5 - https:\/\/yoast.com\/product\/yoast-seo-wordpress\/ -->\n<title>Pygmalion &amp; Almasis | Les Talens Lyriques<\/title>\n<meta name=\"robots\" content=\"index, follow, max-snippet:-1, max-image-preview:large, max-video-preview:-1\" \/>\n<link rel=\"canonical\" href=\"https:\/\/www.lestalenslyriques.com\/en\/event\/pygmalion-almasis\/\" \/>\n<meta property=\"og:locale\" content=\"en_US\" \/>\n<meta property=\"og:type\" content=\"article\" \/>\n<meta property=\"og:title\" content=\"Pygmalion &amp; Almasis | Les Talens Lyriques\" \/>\n<meta property=\"og:description\" content=\"Jean-Philippe Rameau (1683-1764) Pygmalion (1748) Acte de ballet sur un livret de Sylvain Ballot de Sauvot, d\u2019apr\u00e8s Antoine Houdar de la Motte cr\u00e9\u00e9 le 27 ao\u00fbt 1748 \u00e0 l\u2019Acad\u00e9mie royale de musique, \u00e0 Paris Pancrace Royer (ca 1705-1755) Almasis (1748) Acte de ballet sur un livret de Fran\u00e7ois-Augustin Paradis de Moncrif cr\u00e9\u00e9 le 26 f\u00e9vrier [&hellip;]\" \/>\n<meta property=\"og:url\" content=\"https:\/\/www.lestalenslyriques.com\/en\/event\/pygmalion-almasis\/\" \/>\n<meta property=\"og:site_name\" content=\"Les Talens Lyriques\" \/>\n<meta property=\"og:image\" content=\"https:\/\/www.lestalenslyriques.com\/wp-content\/uploads\/2022\/06\/PYGMALION-1-DANSE-BAROQUE-scaled.jpg\" \/>\n\t<meta property=\"og:image:width\" content=\"1696\" \/>\n\t<meta property=\"og:image:height\" content=\"2560\" \/>\n\t<meta property=\"og:image:type\" content=\"image\/jpeg\" \/>\n<meta name=\"twitter:card\" content=\"summary_large_image\" \/>\n<meta name=\"twitter:label1\" content=\"Est. reading time\" \/>\n\t<meta name=\"twitter:data1\" content=\"1 minute\" \/>\n<script type=\"application\/ld+json\" class=\"yoast-schema-graph\">{\"@context\":\"https:\\\/\\\/schema.org\",\"@graph\":[{\"@type\":\"WebPage\",\"@id\":\"https:\\\/\\\/www.lestalenslyriques.com\\\/en\\\/event\\\/pygmalion-almasis\\\/\",\"url\":\"https:\\\/\\\/www.lestalenslyriques.com\\\/en\\\/event\\\/pygmalion-almasis\\\/\",\"name\":\"Pygmalion & Almasis | Les Talens Lyriques\",\"isPartOf\":{\"@id\":\"https:\\\/\\\/www.lestalenslyriques.com\\\/en\\\/#website\"},\"primaryImageOfPage\":{\"@id\":\"https:\\\/\\\/www.lestalenslyriques.com\\\/en\\\/event\\\/pygmalion-almasis\\\/#primaryimage\"},\"image\":{\"@id\":\"https:\\\/\\\/www.lestalenslyriques.com\\\/en\\\/event\\\/pygmalion-almasis\\\/#primaryimage\"},\"thumbnailUrl\":\"https:\\\/\\\/www.lestalenslyriques.com\\\/wp-content\\\/uploads\\\/2022\\\/06\\\/PYGMALION-1-DANSE-BAROQUE-scaled.jpg\",\"datePublished\":\"2022-06-30T13:28:11+00:00\",\"breadcrumb\":{\"@id\":\"https:\\\/\\\/www.lestalenslyriques.com\\\/en\\\/event\\\/pygmalion-almasis\\\/#breadcrumb\"},\"inLanguage\":\"en-US\",\"potentialAction\":[{\"@type\":\"ReadAction\",\"target\":[\"https:\\\/\\\/www.lestalenslyriques.com\\\/en\\\/event\\\/pygmalion-almasis\\\/\"]}]},{\"@type\":\"ImageObject\",\"inLanguage\":\"en-US\",\"@id\":\"https:\\\/\\\/www.lestalenslyriques.com\\\/en\\\/event\\\/pygmalion-almasis\\\/#primaryimage\",\"url\":\"https:\\\/\\\/www.lestalenslyriques.com\\\/wp-content\\\/uploads\\\/2022\\\/06\\\/PYGMALION-1-DANSE-BAROQUE-scaled.jpg\",\"contentUrl\":\"https:\\\/\\\/www.lestalenslyriques.com\\\/wp-content\\\/uploads\\\/2022\\\/06\\\/PYGMALION-1-DANSE-BAROQUE-scaled.jpg\",\"width\":1696,\"height\":2560},{\"@type\":\"BreadcrumbList\",\"@id\":\"https:\\\/\\\/www.lestalenslyriques.com\\\/en\\\/event\\\/pygmalion-almasis\\\/#breadcrumb\",\"itemListElement\":[{\"@type\":\"ListItem\",\"position\":1,\"name\":\"Accueil\",\"item\":\"https:\\\/\\\/www.lestalenslyriques.com\\\/en\\\/\"},{\"@type\":\"ListItem\",\"position\":2,\"name\":\"Calendar\",\"item\":\"https:\\\/\\\/www.lestalenslyriques.com\\\/en\\\/event\\\/\"},{\"@type\":\"ListItem\",\"position\":3,\"name\":\"Pygmalion &#038; Almasis\"}]},{\"@type\":\"WebSite\",\"@id\":\"https:\\\/\\\/www.lestalenslyriques.com\\\/en\\\/#website\",\"url\":\"https:\\\/\\\/www.lestalenslyriques.com\\\/en\\\/\",\"name\":\"Les Talens Lyriques\",\"description\":\"Christophe Rousset\",\"potentialAction\":[{\"@type\":\"SearchAction\",\"target\":{\"@type\":\"EntryPoint\",\"urlTemplate\":\"https:\\\/\\\/www.lestalenslyriques.com\\\/en\\\/?s={search_term_string}\"},\"query-input\":{\"@type\":\"PropertyValueSpecification\",\"valueRequired\":true,\"valueName\":\"search_term_string\"}}],\"inLanguage\":\"en-US\"}]}<\/script>\n<!-- \/ Yoast SEO plugin. -->","yoast_head_json":{"title":"Pygmalion & Almasis | Les Talens Lyriques","robots":{"index":"index","follow":"follow","max-snippet":"max-snippet:-1","max-image-preview":"max-image-preview:large","max-video-preview":"max-video-preview:-1"},"canonical":"https:\/\/www.lestalenslyriques.com\/en\/event\/pygmalion-almasis\/","og_locale":"en_US","og_type":"article","og_title":"Pygmalion & Almasis | Les Talens Lyriques","og_description":"Jean-Philippe Rameau (1683-1764) Pygmalion (1748) Acte de ballet sur un livret de Sylvain Ballot de Sauvot, d\u2019apr\u00e8s Antoine Houdar de la Motte cr\u00e9\u00e9 le 27 ao\u00fbt 1748 \u00e0 l\u2019Acad\u00e9mie royale de musique, \u00e0 Paris Pancrace Royer (ca 1705-1755) Almasis (1748) Acte de ballet sur un livret de Fran\u00e7ois-Augustin Paradis de Moncrif cr\u00e9\u00e9 le 26 f\u00e9vrier [&hellip;]","og_url":"https:\/\/www.lestalenslyriques.com\/en\/event\/pygmalion-almasis\/","og_site_name":"Les Talens Lyriques","og_image":[{"width":1696,"height":2560,"url":"https:\/\/www.lestalenslyriques.com\/wp-content\/uploads\/2022\/06\/PYGMALION-1-DANSE-BAROQUE-scaled.jpg","type":"image\/jpeg"}],"twitter_card":"summary_large_image","twitter_misc":{"Est. reading time":"1 minute"},"schema":{"@context":"https:\/\/schema.org","@graph":[{"@type":"WebPage","@id":"https:\/\/www.lestalenslyriques.com\/en\/event\/pygmalion-almasis\/","url":"https:\/\/www.lestalenslyriques.com\/en\/event\/pygmalion-almasis\/","name":"Pygmalion & Almasis | Les Talens Lyriques","isPartOf":{"@id":"https:\/\/www.lestalenslyriques.com\/en\/#website"},"primaryImageOfPage":{"@id":"https:\/\/www.lestalenslyriques.com\/en\/event\/pygmalion-almasis\/#primaryimage"},"image":{"@id":"https:\/\/www.lestalenslyriques.com\/en\/event\/pygmalion-almasis\/#primaryimage"},"thumbnailUrl":"https:\/\/www.lestalenslyriques.com\/wp-content\/uploads\/2022\/06\/PYGMALION-1-DANSE-BAROQUE-scaled.jpg","datePublished":"2022-06-30T13:28:11+00:00","breadcrumb":{"@id":"https:\/\/www.lestalenslyriques.com\/en\/event\/pygmalion-almasis\/#breadcrumb"},"inLanguage":"en-US","potentialAction":[{"@type":"ReadAction","target":["https:\/\/www.lestalenslyriques.com\/en\/event\/pygmalion-almasis\/"]}]},{"@type":"ImageObject","inLanguage":"en-US","@id":"https:\/\/www.lestalenslyriques.com\/en\/event\/pygmalion-almasis\/#primaryimage","url":"https:\/\/www.lestalenslyriques.com\/wp-content\/uploads\/2022\/06\/PYGMALION-1-DANSE-BAROQUE-scaled.jpg","contentUrl":"https:\/\/www.lestalenslyriques.com\/wp-content\/uploads\/2022\/06\/PYGMALION-1-DANSE-BAROQUE-scaled.jpg","width":1696,"height":2560},{"@type":"BreadcrumbList","@id":"https:\/\/www.lestalenslyriques.com\/en\/event\/pygmalion-almasis\/#breadcrumb","itemListElement":[{"@type":"ListItem","position":1,"name":"Accueil","item":"https:\/\/www.lestalenslyriques.com\/en\/"},{"@type":"ListItem","position":2,"name":"Calendar","item":"https:\/\/www.lestalenslyriques.com\/en\/event\/"},{"@type":"ListItem","position":3,"name":"Pygmalion &#038; Almasis"}]},{"@type":"WebSite","@id":"https:\/\/www.lestalenslyriques.com\/en\/#website","url":"https:\/\/www.lestalenslyriques.com\/en\/","name":"Les Talens Lyriques","description":"Christophe Rousset","potentialAction":[{"@type":"SearchAction","target":{"@type":"EntryPoint","urlTemplate":"https:\/\/www.lestalenslyriques.com\/en\/?s={search_term_string}"},"query-input":{"@type":"PropertyValueSpecification","valueRequired":true,"valueName":"search_term_string"}}],"inLanguage":"en-US"}]}},"_links":{"self":[{"href":"https:\/\/www.lestalenslyriques.com\/en\/wp-json\/wp\/v2\/event\/3821","targetHints":{"allow":["GET"]}}],"collection":[{"href":"https:\/\/www.lestalenslyriques.com\/en\/wp-json\/wp\/v2\/event"}],"about":[{"href":"https:\/\/www.lestalenslyriques.com\/en\/wp-json\/wp\/v2\/types\/event"}],"wp:featuredmedia":[{"embeddable":true,"href":"https:\/\/www.lestalenslyriques.com\/en\/wp-json\/wp\/v2\/media\/3769"}],"wp:attachment":[{"href":"https:\/\/www.lestalenslyriques.com\/en\/wp-json\/wp\/v2\/media?parent=3821"}],"wp:term":[{"taxonomy":"event-type","embeddable":true,"href":"https:\/\/www.lestalenslyriques.com\/en\/wp-json\/wp\/v2\/event-type?post=3821"},{"taxonomy":"event-saison","embeddable":true,"href":"https:\/\/www.lestalenslyriques.com\/en\/wp-json\/wp\/v2\/event-saison?post=3821"}],"curies":[{"name":"wp","href":"https:\/\/api.w.org\/{rel}","templated":true}]}}