{"id":3814,"date":"2022-06-30T15:28:14","date_gmt":"2022-06-30T13:28:14","guid":{"rendered":"https:\/\/www.lestalenslyriques.com\/?post_type=event&#038;p=3814"},"modified":"2023-02-09T23:28:04","modified_gmt":"2023-02-09T22:28:04","slug":"armide","status":"publish","type":"event","link":"https:\/\/www.lestalenslyriques.com\/en\/event\/armide\/","title":{"rendered":"Armide"},"content":{"rendered":"<div class=\"page\" title=\"Page 71\">\n<div class=\"layoutArea\">\n<div class=\"column\">\n<p class=\"p2\"><strong>Christoph Willibald Gluck (1714-1787)<\/strong><span class=\"Apple-converted-space\"><strong>\u00a0<\/strong><br \/>\n<em>Armide<\/em> (1777)<br \/>\n<\/span><\/p>\n<p class=\"p3\">Drame h\u00e9ro\u00efque en cinq actes<span class=\"Apple-converted-space\"><br \/>\n<\/span>sur un livret de Philippe Quinault<span class=\"Apple-converted-space\"><br \/>\n<\/span>cr\u00e9\u00e9 le 23 septembre 1777 \u00e0 l\u2019Acad\u00e9mie royale de musique, \u00e0 Paris<span class=\"Apple-converted-space\">\u00a0<\/span><\/p>\n<p class=\"p4\">Mise en sc\u00e8ne<span class=\"s1\">\u00a0<\/span><strong>Lilo Baur<\/strong><span class=\"Apple-converted-space\"><strong>\u00a0<\/strong><br \/>\n<\/span>D\u00e9cors<span class=\"s1\">\u00a0<\/span><strong>Bruno de Laven\u00e8re<\/strong><span class=\"Apple-converted-space\"><strong>\u00a0<\/strong><br \/>\n<\/span>Costumes<span class=\"s1\">\u00a0<\/span><strong>Alain Blanchot<span class=\"Apple-converted-space\">\u00a0<\/span><\/strong><\/p>\n<p class=\"p4\">Armide <strong>V\u00e9ronique Gens<\/strong><span class=\"Apple-converted-space\"><strong>\u00a0<\/strong><br \/>\n<\/span>Renaud<span class=\"s1\">\u00a0<\/span><strong>Ian Bostridge<\/strong><span class=\"Apple-converted-space\"><strong>\u00a0<\/strong><br \/>\n<\/span>Hidraot<span class=\"s1\">\u00a0<\/span><strong>Jean-S\u00e9bastien Bou<\/strong><span class=\"Apple-converted-space\"><strong>\u00a0<\/strong><br \/>\n<\/span>La Haine<span class=\"s1\">\u00a0<\/span><strong>Ana\u00efk More<\/strong><span class=\"Apple-converted-space\"><strong>\u00a0<\/strong><br \/>\n<\/span>Aronte\/Ubalde<span class=\"s1\">\u00a0<\/span><strong>Philippe Est\u00e8phe<\/strong><span class=\"Apple-converted-space\"><strong>\u00a0<\/strong><br \/>\n<\/span>Art\u00e9midore\/Le Chevalier danois<span class=\"s1\">\u00a0<\/span><strong>Enguerrand de Hys<\/strong><span class=\"Apple-converted-space\"><strong>\u00a0<\/strong><br \/>\n<\/span>Sidonie\/M\u00e9lisse\/Plaisir et Na\u00efade<span class=\"s1\">\u00a0<\/span><strong>Florie Valiquette<\/strong><span class=\"Apple-converted-space\"><strong>\u00a0<\/strong><br \/>\n<\/span>Ph\u00e9nice\/Lucinde\/Berg\u00e8re<span class=\"s1\">\u00a0<\/span><strong>Apolline Rai-Westphal<span class=\"Apple-converted-space\">\u00a0<\/span><\/strong><\/p>\n<p class=\"p4\">Choeur<span class=\"s1\">\u00a0<\/span>Les \u00c9l\u00e9ments (<strong>dir. Jo\u00ebl Suhubiette<\/strong>)<span class=\"Apple-converted-space\">\u00a0<\/span><\/p>\n<p class=\"p3\"><strong>Les Talens Lyriques<\/strong><br \/>\nDirection <strong><span class=\"s1\">\u00a0<\/span>Christophe Rousset<\/strong><\/p>\n<p class=\"p1\">Nouvelle production Op\u00e9ra Comique<span class=\"Apple-converted-space\">\u00a0<\/span><\/p>\n<\/div>\n<\/div>\n<\/div>\n","protected":false},"featured_media":3761,"template":"","event-type":[111],"event-saison":[329],"class_list":["post-3814","event","type-event","status-publish","has-post-thumbnail","hentry","event-type-opera-and-oratorio-en","event-saison-season-2022-2023"],"acf":[],"yoast_head":"<!-- This site is optimized with the Yoast SEO plugin v27.5 - https:\/\/yoast.com\/product\/yoast-seo-wordpress\/ -->\n<title>Armide | Les Talens Lyriques<\/title>\n<meta name=\"robots\" content=\"index, follow, max-snippet:-1, max-image-preview:large, max-video-preview:-1\" \/>\n<link rel=\"canonical\" href=\"https:\/\/www.lestalenslyriques.com\/en\/event\/armide\/\" \/>\n<meta property=\"og:locale\" content=\"en_US\" \/>\n<meta property=\"og:type\" content=\"article\" \/>\n<meta property=\"og:title\" content=\"Armide | Les Talens Lyriques\" \/>\n<meta property=\"og:description\" content=\"Christoph Willibald Gluck (1714-1787)\u00a0 Armide (1777) Drame h\u00e9ro\u00efque en cinq actes sur un livret de Philippe Quinault cr\u00e9\u00e9 le 23 septembre 1777 \u00e0 l\u2019Acad\u00e9mie royale de musique, \u00e0 Paris\u00a0 Mise en sc\u00e8ne\u00a0Lilo Baur\u00a0 D\u00e9cors\u00a0Bruno de Laven\u00e8re\u00a0 Costumes\u00a0Alain Blanchot\u00a0 Armide V\u00e9ronique Gens\u00a0 Renaud\u00a0Ian Bostridge\u00a0 Hidraot\u00a0Jean-S\u00e9bastien Bou\u00a0 La Haine\u00a0Ana\u00efk More\u00a0 Aronte\/Ubalde\u00a0Philippe Est\u00e8phe\u00a0 Art\u00e9midore\/Le Chevalier danois\u00a0Enguerrand de Hys\u00a0 [&hellip;]\" \/>\n<meta property=\"og:url\" content=\"https:\/\/www.lestalenslyriques.com\/en\/event\/armide\/\" \/>\n<meta property=\"og:site_name\" content=\"Les Talens Lyriques\" \/>\n<meta property=\"article:modified_time\" content=\"2023-02-09T22:28:04+00:00\" \/>\n<meta property=\"og:image\" content=\"https:\/\/www.lestalenslyriques.com\/wp-content\/uploads\/2022\/06\/ARMIDE-scaled.jpg\" \/>\n\t<meta property=\"og:image:width\" content=\"1906\" \/>\n\t<meta property=\"og:image:height\" content=\"2560\" \/>\n\t<meta property=\"og:image:type\" content=\"image\/jpeg\" \/>\n<meta name=\"twitter:card\" content=\"summary_large_image\" \/>\n<meta name=\"twitter:label1\" content=\"Est. reading time\" \/>\n\t<meta name=\"twitter:data1\" content=\"1 minute\" \/>\n<script type=\"application\/ld+json\" class=\"yoast-schema-graph\">{\"@context\":\"https:\\\/\\\/schema.org\",\"@graph\":[{\"@type\":\"WebPage\",\"@id\":\"https:\\\/\\\/www.lestalenslyriques.com\\\/en\\\/event\\\/armide\\\/\",\"url\":\"https:\\\/\\\/www.lestalenslyriques.com\\\/en\\\/event\\\/armide\\\/\",\"name\":\"Armide | Les Talens Lyriques\",\"isPartOf\":{\"@id\":\"https:\\\/\\\/www.lestalenslyriques.com\\\/en\\\/#website\"},\"primaryImageOfPage\":{\"@id\":\"https:\\\/\\\/www.lestalenslyriques.com\\\/en\\\/event\\\/armide\\\/#primaryimage\"},\"image\":{\"@id\":\"https:\\\/\\\/www.lestalenslyriques.com\\\/en\\\/event\\\/armide\\\/#primaryimage\"},\"thumbnailUrl\":\"https:\\\/\\\/www.lestalenslyriques.com\\\/wp-content\\\/uploads\\\/2022\\\/06\\\/ARMIDE-scaled.jpg\",\"datePublished\":\"2022-06-30T13:28:14+00:00\",\"dateModified\":\"2023-02-09T22:28:04+00:00\",\"breadcrumb\":{\"@id\":\"https:\\\/\\\/www.lestalenslyriques.com\\\/en\\\/event\\\/armide\\\/#breadcrumb\"},\"inLanguage\":\"en-US\",\"potentialAction\":[{\"@type\":\"ReadAction\",\"target\":[\"https:\\\/\\\/www.lestalenslyriques.com\\\/en\\\/event\\\/armide\\\/\"]}]},{\"@type\":\"ImageObject\",\"inLanguage\":\"en-US\",\"@id\":\"https:\\\/\\\/www.lestalenslyriques.com\\\/en\\\/event\\\/armide\\\/#primaryimage\",\"url\":\"https:\\\/\\\/www.lestalenslyriques.com\\\/wp-content\\\/uploads\\\/2022\\\/06\\\/ARMIDE-scaled.jpg\",\"contentUrl\":\"https:\\\/\\\/www.lestalenslyriques.com\\\/wp-content\\\/uploads\\\/2022\\\/06\\\/ARMIDE-scaled.jpg\",\"width\":1906,\"height\":2560},{\"@type\":\"BreadcrumbList\",\"@id\":\"https:\\\/\\\/www.lestalenslyriques.com\\\/en\\\/event\\\/armide\\\/#breadcrumb\",\"itemListElement\":[{\"@type\":\"ListItem\",\"position\":1,\"name\":\"Accueil\",\"item\":\"https:\\\/\\\/www.lestalenslyriques.com\\\/en\\\/\"},{\"@type\":\"ListItem\",\"position\":2,\"name\":\"Calendar\",\"item\":\"https:\\\/\\\/www.lestalenslyriques.com\\\/en\\\/event\\\/\"},{\"@type\":\"ListItem\",\"position\":3,\"name\":\"Armide\"}]},{\"@type\":\"WebSite\",\"@id\":\"https:\\\/\\\/www.lestalenslyriques.com\\\/en\\\/#website\",\"url\":\"https:\\\/\\\/www.lestalenslyriques.com\\\/en\\\/\",\"name\":\"Les Talens Lyriques\",\"description\":\"Christophe Rousset\",\"potentialAction\":[{\"@type\":\"SearchAction\",\"target\":{\"@type\":\"EntryPoint\",\"urlTemplate\":\"https:\\\/\\\/www.lestalenslyriques.com\\\/en\\\/?s={search_term_string}\"},\"query-input\":{\"@type\":\"PropertyValueSpecification\",\"valueRequired\":true,\"valueName\":\"search_term_string\"}}],\"inLanguage\":\"en-US\"}]}<\/script>\n<!-- \/ Yoast SEO plugin. -->","yoast_head_json":{"title":"Armide | Les Talens Lyriques","robots":{"index":"index","follow":"follow","max-snippet":"max-snippet:-1","max-image-preview":"max-image-preview:large","max-video-preview":"max-video-preview:-1"},"canonical":"https:\/\/www.lestalenslyriques.com\/en\/event\/armide\/","og_locale":"en_US","og_type":"article","og_title":"Armide | Les Talens Lyriques","og_description":"Christoph Willibald Gluck (1714-1787)\u00a0 Armide (1777) Drame h\u00e9ro\u00efque en cinq actes sur un livret de Philippe Quinault cr\u00e9\u00e9 le 23 septembre 1777 \u00e0 l\u2019Acad\u00e9mie royale de musique, \u00e0 Paris\u00a0 Mise en sc\u00e8ne\u00a0Lilo Baur\u00a0 D\u00e9cors\u00a0Bruno de Laven\u00e8re\u00a0 Costumes\u00a0Alain Blanchot\u00a0 Armide V\u00e9ronique Gens\u00a0 Renaud\u00a0Ian Bostridge\u00a0 Hidraot\u00a0Jean-S\u00e9bastien Bou\u00a0 La Haine\u00a0Ana\u00efk More\u00a0 Aronte\/Ubalde\u00a0Philippe Est\u00e8phe\u00a0 Art\u00e9midore\/Le Chevalier danois\u00a0Enguerrand de Hys\u00a0 [&hellip;]","og_url":"https:\/\/www.lestalenslyriques.com\/en\/event\/armide\/","og_site_name":"Les Talens Lyriques","article_modified_time":"2023-02-09T22:28:04+00:00","og_image":[{"width":1906,"height":2560,"url":"https:\/\/www.lestalenslyriques.com\/wp-content\/uploads\/2022\/06\/ARMIDE-scaled.jpg","type":"image\/jpeg"}],"twitter_card":"summary_large_image","twitter_misc":{"Est. reading time":"1 minute"},"schema":{"@context":"https:\/\/schema.org","@graph":[{"@type":"WebPage","@id":"https:\/\/www.lestalenslyriques.com\/en\/event\/armide\/","url":"https:\/\/www.lestalenslyriques.com\/en\/event\/armide\/","name":"Armide | Les Talens Lyriques","isPartOf":{"@id":"https:\/\/www.lestalenslyriques.com\/en\/#website"},"primaryImageOfPage":{"@id":"https:\/\/www.lestalenslyriques.com\/en\/event\/armide\/#primaryimage"},"image":{"@id":"https:\/\/www.lestalenslyriques.com\/en\/event\/armide\/#primaryimage"},"thumbnailUrl":"https:\/\/www.lestalenslyriques.com\/wp-content\/uploads\/2022\/06\/ARMIDE-scaled.jpg","datePublished":"2022-06-30T13:28:14+00:00","dateModified":"2023-02-09T22:28:04+00:00","breadcrumb":{"@id":"https:\/\/www.lestalenslyriques.com\/en\/event\/armide\/#breadcrumb"},"inLanguage":"en-US","potentialAction":[{"@type":"ReadAction","target":["https:\/\/www.lestalenslyriques.com\/en\/event\/armide\/"]}]},{"@type":"ImageObject","inLanguage":"en-US","@id":"https:\/\/www.lestalenslyriques.com\/en\/event\/armide\/#primaryimage","url":"https:\/\/www.lestalenslyriques.com\/wp-content\/uploads\/2022\/06\/ARMIDE-scaled.jpg","contentUrl":"https:\/\/www.lestalenslyriques.com\/wp-content\/uploads\/2022\/06\/ARMIDE-scaled.jpg","width":1906,"height":2560},{"@type":"BreadcrumbList","@id":"https:\/\/www.lestalenslyriques.com\/en\/event\/armide\/#breadcrumb","itemListElement":[{"@type":"ListItem","position":1,"name":"Accueil","item":"https:\/\/www.lestalenslyriques.com\/en\/"},{"@type":"ListItem","position":2,"name":"Calendar","item":"https:\/\/www.lestalenslyriques.com\/en\/event\/"},{"@type":"ListItem","position":3,"name":"Armide"}]},{"@type":"WebSite","@id":"https:\/\/www.lestalenslyriques.com\/en\/#website","url":"https:\/\/www.lestalenslyriques.com\/en\/","name":"Les Talens Lyriques","description":"Christophe Rousset","potentialAction":[{"@type":"SearchAction","target":{"@type":"EntryPoint","urlTemplate":"https:\/\/www.lestalenslyriques.com\/en\/?s={search_term_string}"},"query-input":{"@type":"PropertyValueSpecification","valueRequired":true,"valueName":"search_term_string"}}],"inLanguage":"en-US"}]}},"_links":{"self":[{"href":"https:\/\/www.lestalenslyriques.com\/en\/wp-json\/wp\/v2\/event\/3814","targetHints":{"allow":["GET"]}}],"collection":[{"href":"https:\/\/www.lestalenslyriques.com\/en\/wp-json\/wp\/v2\/event"}],"about":[{"href":"https:\/\/www.lestalenslyriques.com\/en\/wp-json\/wp\/v2\/types\/event"}],"wp:featuredmedia":[{"embeddable":true,"href":"https:\/\/www.lestalenslyriques.com\/en\/wp-json\/wp\/v2\/media\/3761"}],"wp:attachment":[{"href":"https:\/\/www.lestalenslyriques.com\/en\/wp-json\/wp\/v2\/media?parent=3814"}],"wp:term":[{"taxonomy":"event-type","embeddable":true,"href":"https:\/\/www.lestalenslyriques.com\/en\/wp-json\/wp\/v2\/event-type?post=3814"},{"taxonomy":"event-saison","embeddable":true,"href":"https:\/\/www.lestalenslyriques.com\/en\/wp-json\/wp\/v2\/event-saison?post=3814"}],"curies":[{"name":"wp","href":"https:\/\/api.w.org\/{rel}","templated":true}]}}