{"id":3805,"date":"2022-06-30T15:28:18","date_gmt":"2022-06-30T13:28:18","guid":{"rendered":"https:\/\/www.lestalenslyriques.com\/?post_type=event&#038;p=3805"},"modified":"2022-06-30T15:28:18","modified_gmt":"2022-06-30T13:28:18","slug":"les-40es-rugissants","status":"publish","type":"event","link":"https:\/\/www.lestalenslyriques.com\/en\/event\/les-40es-rugissants\/","title":{"rendered":"Les 40es Rugissants"},"content":{"rendered":"<div class=\"page\" title=\"Page 37\">\n<div class=\"layoutArea\">\n<div class=\"column\">\n<div class=\"column\">\n<ul>\n<li class=\"p2\"><strong>Cantates arcadiennes de Rome \u00e0 Paris &#8211; 5 ao\u00fbt 2022<\/strong><\/li>\n<\/ul>\n<p class=\"p3\">Michel Pignolet de Mont\u00e9clair (1667-1737)<span class=\"Apple-converted-space\"><br \/>\n<\/span>Jean-Marie Leclair (1697-1764)<span class=\"Apple-converted-space\"><br \/>\n<\/span>Domenico Scarlatti (1685-1757)<span class=\"Apple-converted-space\"><br \/>\n<\/span>Georg Friedrich H\u00e4ndel (1685-1759)<\/p>\n<p class=\"p2\"><strong>Sandrine Piau<\/strong> soprano<span class=\"Apple-converted-space\"><br \/>\n<\/span><strong>Les Talens Lyriques<\/strong><br \/>\n<strong>Christophe Rousset<\/strong> Direction et clavecin<\/p>\n<\/div>\n<ul>\n<li class=\"p1\"><strong>Sonates en trio de Corelli &#8211; <span class=\"s1\">7 ao\u00fbt 2022<\/span>\u00a0<\/strong><\/li>\n<\/ul>\n<p class=\"p2\">Arcangelo Corelli (1653-1713)<span class=\"Apple-converted-space\"><br \/>\n<\/span><i>Sonates en trio <\/i><\/p>\n<p class=\"p1\"><strong>Florence Malgoire<\/strong> violon<span class=\"Apple-converted-space\"><br \/>\n<\/span><strong>Pablo Agudo<\/strong> violon<span class=\"Apple-converted-space\"><br \/>\n<\/span><strong>Emmanuel Jacques<\/strong> violoncelle<span class=\"Apple-converted-space\"><br \/>\n<\/span><strong>Christophe Rousset<\/strong> clavecin et direction<\/p>\n<ul>\n<li class=\"p2\"><strong>R\u00e9cital de clavecin<span class=\"Apple-converted-space\"> &#8211; 9 ao\u00fbt 2022<\/span><\/strong><\/li>\n<\/ul>\n<p class=\"p2\">Girolamo Frescobaldi, Johann Jakob Froberger, Fran\u00e7ois Couperin, Pancrace Royer<\/p>\n<p><strong>Christophe Rousset<\/strong> clavecin<\/p>\n<ul>\n<li class=\"p1\"><strong>La musique pour la viole en forme de petit op\u00e9ra<span class=\"Apple-converted-space\"> &#8211; 11 ao\u00fbt 2022<br \/>\n<\/span><\/strong><\/li>\n<\/ul>\n<p>Marin Marais (1656-1728)<br \/>\nJean-Baptiste Forqueray (1699-1782)<br \/>\nAntoine Forqueray (1672-1745)<\/p>\n<p class=\"p1\"><span class=\"Apple-converted-space\">Prologue<\/span><strong><span class=\"Apple-converted-space\"><br \/>\n<\/span><\/strong><span class=\"Apple-converted-space\">Monologue<\/span><span class=\"Apple-converted-space\"><br \/>\nAmour<br \/>\nSommeil<br \/>\nTrag\u00e9die<br \/>\nJoie<br \/>\nEpilogue<\/span><\/p>\n<p>Extraits de recueils pour viole et clavecin de Marin Marais, Jean-Baptiste et Antoine Forqueray<span class=\"Apple-converted-space\"><br \/>\n<\/span><\/p>\n<p class=\"p1\"><strong>Kaori Uemura<\/strong> viole de gambe<span class=\"Apple-converted-space\"><br \/>\n<\/span><strong>Christophe Rousset<\/strong> clavecin<\/p>\n<ul>\n<li class=\"p2\"><strong>In Furore<span class=\"Apple-converted-space\"> &#8211; 13 ao\u00fbt 2022<\/span><\/strong><\/li>\n<\/ul>\n<p class=\"p3\">Antonio Vivaldi (1678-1741)<\/p>\n<p class=\"p4\"><i>Cessate, omai cessate<\/i>, RV 684, cantate (s. d.)<span class=\"Apple-converted-space\"><br \/>\n<\/span><span class=\"s1\">\u00a0<\/span><i>Le Quattro Stagioni<\/i>, op. 8 (1725)<span class=\"Apple-converted-space\"><br \/>\n<\/span><i>Concerto pour violon n\u00b0 1 en mi majeur <\/i>\u00ab Le Printemps \u00bb (La primavera)<span class=\"Apple-converted-space\"><br \/>\n<\/span><i>Concerto pour violon n\u00b0 2 en sol mineur <\/i>\u00ab L\u2019\u00c9t\u00e9 \u00bb (L\u2019estate)<span class=\"Apple-converted-space\"><br \/>\n<\/span><i>Concerto pour violon n\u00b0 3 en fa majeur <\/i>\u00ab L\u2019Automne \u00bb (L\u2019autunno)<span class=\"Apple-converted-space\"><br \/>\n<\/span><i>Concerto pour violon n\u00b0 4 en fa mineur <\/i>\u00ab L\u2019Hiver \u00bb (L\u2019inverno)<span class=\"Apple-converted-space\"><br \/>\n<\/span><i>In furore guistissimae irae<\/i>, RV626, motet (s. d.)<\/p>\n<\/div>\n<\/div>\n<\/div>\n","protected":false},"featured_media":3773,"template":"","event-type":[],"event-saison":[329],"class_list":["post-3805","event","type-event","status-publish","has-post-thumbnail","hentry","event-saison-season-2022-2023"],"acf":[],"yoast_head":"<!-- This site is optimized with the Yoast SEO plugin v27.5 - https:\/\/yoast.com\/product\/yoast-seo-wordpress\/ -->\n<title>Les 40es Rugissants | Les Talens Lyriques<\/title>\n<meta name=\"robots\" content=\"index, follow, max-snippet:-1, max-image-preview:large, max-video-preview:-1\" \/>\n<link rel=\"canonical\" href=\"https:\/\/www.lestalenslyriques.com\/en\/event\/les-40es-rugissants\/\" \/>\n<meta property=\"og:locale\" content=\"en_US\" \/>\n<meta property=\"og:type\" content=\"article\" \/>\n<meta property=\"og:title\" content=\"Les 40es Rugissants | Les Talens Lyriques\" \/>\n<meta property=\"og:description\" content=\"Cantates arcadiennes de Rome \u00e0 Paris &#8211; 5 ao\u00fbt 2022 Michel Pignolet de Mont\u00e9clair (1667-1737) Jean-Marie Leclair (1697-1764) Domenico Scarlatti (1685-1757) Georg Friedrich H\u00e4ndel (1685-1759) Sandrine Piau soprano Les Talens Lyriques Christophe Rousset Direction et clavecin Sonates en trio de Corelli &#8211; 7 ao\u00fbt 2022\u00a0 Arcangelo Corelli (1653-1713) Sonates en trio Florence Malgoire violon Pablo [&hellip;]\" \/>\n<meta property=\"og:url\" content=\"https:\/\/www.lestalenslyriques.com\/en\/event\/les-40es-rugissants\/\" \/>\n<meta property=\"og:site_name\" content=\"Les Talens Lyriques\" \/>\n<meta property=\"og:image\" content=\"https:\/\/www.lestalenslyriques.com\/wp-content\/uploads\/2022\/06\/LAVANDES-2-scaled.jpg\" \/>\n\t<meta property=\"og:image:width\" content=\"1810\" \/>\n\t<meta property=\"og:image:height\" content=\"2560\" \/>\n\t<meta property=\"og:image:type\" content=\"image\/jpeg\" \/>\n<meta name=\"twitter:card\" content=\"summary_large_image\" \/>\n<meta name=\"twitter:label1\" content=\"Est. reading time\" \/>\n\t<meta name=\"twitter:data1\" content=\"1 minute\" \/>\n<script type=\"application\/ld+json\" class=\"yoast-schema-graph\">{\"@context\":\"https:\\\/\\\/schema.org\",\"@graph\":[{\"@type\":\"WebPage\",\"@id\":\"https:\\\/\\\/www.lestalenslyriques.com\\\/en\\\/event\\\/les-40es-rugissants\\\/\",\"url\":\"https:\\\/\\\/www.lestalenslyriques.com\\\/en\\\/event\\\/les-40es-rugissants\\\/\",\"name\":\"Les 40es Rugissants | Les Talens Lyriques\",\"isPartOf\":{\"@id\":\"https:\\\/\\\/www.lestalenslyriques.com\\\/en\\\/#website\"},\"primaryImageOfPage\":{\"@id\":\"https:\\\/\\\/www.lestalenslyriques.com\\\/en\\\/event\\\/les-40es-rugissants\\\/#primaryimage\"},\"image\":{\"@id\":\"https:\\\/\\\/www.lestalenslyriques.com\\\/en\\\/event\\\/les-40es-rugissants\\\/#primaryimage\"},\"thumbnailUrl\":\"https:\\\/\\\/www.lestalenslyriques.com\\\/wp-content\\\/uploads\\\/2022\\\/06\\\/LAVANDES-2-scaled.jpg\",\"datePublished\":\"2022-06-30T13:28:18+00:00\",\"breadcrumb\":{\"@id\":\"https:\\\/\\\/www.lestalenslyriques.com\\\/en\\\/event\\\/les-40es-rugissants\\\/#breadcrumb\"},\"inLanguage\":\"en-US\",\"potentialAction\":[{\"@type\":\"ReadAction\",\"target\":[\"https:\\\/\\\/www.lestalenslyriques.com\\\/en\\\/event\\\/les-40es-rugissants\\\/\"]}]},{\"@type\":\"ImageObject\",\"inLanguage\":\"en-US\",\"@id\":\"https:\\\/\\\/www.lestalenslyriques.com\\\/en\\\/event\\\/les-40es-rugissants\\\/#primaryimage\",\"url\":\"https:\\\/\\\/www.lestalenslyriques.com\\\/wp-content\\\/uploads\\\/2022\\\/06\\\/LAVANDES-2-scaled.jpg\",\"contentUrl\":\"https:\\\/\\\/www.lestalenslyriques.com\\\/wp-content\\\/uploads\\\/2022\\\/06\\\/LAVANDES-2-scaled.jpg\",\"width\":1810,\"height\":2560},{\"@type\":\"BreadcrumbList\",\"@id\":\"https:\\\/\\\/www.lestalenslyriques.com\\\/en\\\/event\\\/les-40es-rugissants\\\/#breadcrumb\",\"itemListElement\":[{\"@type\":\"ListItem\",\"position\":1,\"name\":\"Accueil\",\"item\":\"https:\\\/\\\/www.lestalenslyriques.com\\\/en\\\/\"},{\"@type\":\"ListItem\",\"position\":2,\"name\":\"Calendar\",\"item\":\"https:\\\/\\\/www.lestalenslyriques.com\\\/en\\\/event\\\/\"},{\"@type\":\"ListItem\",\"position\":3,\"name\":\"Les 40es Rugissants\"}]},{\"@type\":\"WebSite\",\"@id\":\"https:\\\/\\\/www.lestalenslyriques.com\\\/en\\\/#website\",\"url\":\"https:\\\/\\\/www.lestalenslyriques.com\\\/en\\\/\",\"name\":\"Les Talens Lyriques\",\"description\":\"Christophe Rousset\",\"potentialAction\":[{\"@type\":\"SearchAction\",\"target\":{\"@type\":\"EntryPoint\",\"urlTemplate\":\"https:\\\/\\\/www.lestalenslyriques.com\\\/en\\\/?s={search_term_string}\"},\"query-input\":{\"@type\":\"PropertyValueSpecification\",\"valueRequired\":true,\"valueName\":\"search_term_string\"}}],\"inLanguage\":\"en-US\"}]}<\/script>\n<!-- \/ Yoast SEO plugin. -->","yoast_head_json":{"title":"Les 40es Rugissants | Les Talens Lyriques","robots":{"index":"index","follow":"follow","max-snippet":"max-snippet:-1","max-image-preview":"max-image-preview:large","max-video-preview":"max-video-preview:-1"},"canonical":"https:\/\/www.lestalenslyriques.com\/en\/event\/les-40es-rugissants\/","og_locale":"en_US","og_type":"article","og_title":"Les 40es Rugissants | Les Talens Lyriques","og_description":"Cantates arcadiennes de Rome \u00e0 Paris &#8211; 5 ao\u00fbt 2022 Michel Pignolet de Mont\u00e9clair (1667-1737) Jean-Marie Leclair (1697-1764) Domenico Scarlatti (1685-1757) Georg Friedrich H\u00e4ndel (1685-1759) Sandrine Piau soprano Les Talens Lyriques Christophe Rousset Direction et clavecin Sonates en trio de Corelli &#8211; 7 ao\u00fbt 2022\u00a0 Arcangelo Corelli (1653-1713) Sonates en trio Florence Malgoire violon Pablo [&hellip;]","og_url":"https:\/\/www.lestalenslyriques.com\/en\/event\/les-40es-rugissants\/","og_site_name":"Les Talens Lyriques","og_image":[{"width":1810,"height":2560,"url":"https:\/\/www.lestalenslyriques.com\/wp-content\/uploads\/2022\/06\/LAVANDES-2-scaled.jpg","type":"image\/jpeg"}],"twitter_card":"summary_large_image","twitter_misc":{"Est. reading time":"1 minute"},"schema":{"@context":"https:\/\/schema.org","@graph":[{"@type":"WebPage","@id":"https:\/\/www.lestalenslyriques.com\/en\/event\/les-40es-rugissants\/","url":"https:\/\/www.lestalenslyriques.com\/en\/event\/les-40es-rugissants\/","name":"Les 40es Rugissants | Les Talens Lyriques","isPartOf":{"@id":"https:\/\/www.lestalenslyriques.com\/en\/#website"},"primaryImageOfPage":{"@id":"https:\/\/www.lestalenslyriques.com\/en\/event\/les-40es-rugissants\/#primaryimage"},"image":{"@id":"https:\/\/www.lestalenslyriques.com\/en\/event\/les-40es-rugissants\/#primaryimage"},"thumbnailUrl":"https:\/\/www.lestalenslyriques.com\/wp-content\/uploads\/2022\/06\/LAVANDES-2-scaled.jpg","datePublished":"2022-06-30T13:28:18+00:00","breadcrumb":{"@id":"https:\/\/www.lestalenslyriques.com\/en\/event\/les-40es-rugissants\/#breadcrumb"},"inLanguage":"en-US","potentialAction":[{"@type":"ReadAction","target":["https:\/\/www.lestalenslyriques.com\/en\/event\/les-40es-rugissants\/"]}]},{"@type":"ImageObject","inLanguage":"en-US","@id":"https:\/\/www.lestalenslyriques.com\/en\/event\/les-40es-rugissants\/#primaryimage","url":"https:\/\/www.lestalenslyriques.com\/wp-content\/uploads\/2022\/06\/LAVANDES-2-scaled.jpg","contentUrl":"https:\/\/www.lestalenslyriques.com\/wp-content\/uploads\/2022\/06\/LAVANDES-2-scaled.jpg","width":1810,"height":2560},{"@type":"BreadcrumbList","@id":"https:\/\/www.lestalenslyriques.com\/en\/event\/les-40es-rugissants\/#breadcrumb","itemListElement":[{"@type":"ListItem","position":1,"name":"Accueil","item":"https:\/\/www.lestalenslyriques.com\/en\/"},{"@type":"ListItem","position":2,"name":"Calendar","item":"https:\/\/www.lestalenslyriques.com\/en\/event\/"},{"@type":"ListItem","position":3,"name":"Les 40es Rugissants"}]},{"@type":"WebSite","@id":"https:\/\/www.lestalenslyriques.com\/en\/#website","url":"https:\/\/www.lestalenslyriques.com\/en\/","name":"Les Talens Lyriques","description":"Christophe Rousset","potentialAction":[{"@type":"SearchAction","target":{"@type":"EntryPoint","urlTemplate":"https:\/\/www.lestalenslyriques.com\/en\/?s={search_term_string}"},"query-input":{"@type":"PropertyValueSpecification","valueRequired":true,"valueName":"search_term_string"}}],"inLanguage":"en-US"}]}},"_links":{"self":[{"href":"https:\/\/www.lestalenslyriques.com\/en\/wp-json\/wp\/v2\/event\/3805","targetHints":{"allow":["GET"]}}],"collection":[{"href":"https:\/\/www.lestalenslyriques.com\/en\/wp-json\/wp\/v2\/event"}],"about":[{"href":"https:\/\/www.lestalenslyriques.com\/en\/wp-json\/wp\/v2\/types\/event"}],"wp:featuredmedia":[{"embeddable":true,"href":"https:\/\/www.lestalenslyriques.com\/en\/wp-json\/wp\/v2\/media\/3773"}],"wp:attachment":[{"href":"https:\/\/www.lestalenslyriques.com\/en\/wp-json\/wp\/v2\/media?parent=3805"}],"wp:term":[{"taxonomy":"event-type","embeddable":true,"href":"https:\/\/www.lestalenslyriques.com\/en\/wp-json\/wp\/v2\/event-type?post=3805"},{"taxonomy":"event-saison","embeddable":true,"href":"https:\/\/www.lestalenslyriques.com\/en\/wp-json\/wp\/v2\/event-saison?post=3805"}],"curies":[{"name":"wp","href":"https:\/\/api.w.org\/{rel}","templated":true}]}}