{"id":1547,"date":"2016-11-02T06:16:39","date_gmt":"2016-11-02T05:16:39","guid":{"rendered":"https:\/\/www.lestalenslyriques.com\/discographie\/farinelli-live\/"},"modified":"2025-06-12T15:51:00","modified_gmt":"2025-06-12T13:51:00","slug":"farinelli-live","status":"publish","type":"discographie","link":"https:\/\/www.lestalenslyriques.com\/en\/discographie\/farinelli-live\/","title":{"rendered":"Farinelli"},"content":{"rendered":"<p>Avec plus d\u2019un million d\u2019exemplaires vendus, la bande originale du film de G\u00e9rard Corbiau Farinelli a permis d\u2019asseoir internationalement la renomm\u00e9e des Talens Lyriques. En 1994, afin de r\u00e9inventer la voix de Carlo Broschi dit Farinelli (1705-1782), on fit appel \u00e0 un ordinateur qui mixa les timbres de Derek Lee Ragin, contre-t\u00e9nor, et d\u2019Ewa Mallas-Godlewska, soprano. Sur sc\u00e8ne, plut\u00f4t qu\u2019un falsettiste, c\u2019est Ann Hallenberg, mezzo fruit\u00e9e et ambigu\u00eb, que Christophe Rousset a \u00e9lue pour incarner la premi\u00e8re rock star de l\u2019histoire de la musique. \u201cLa magie du film survient gr\u00e2ce au r\u00e9cit saisissant d\u2019une histoire humaine, renforc\u00e9e par une musique toute aussi saisissante\u201d, reprend Christophe Rousset, directeur musical et de chef d\u2019orchestre de la production. L\u2019id\u00e9e de ce programme, enregistr\u00e9 en concert \u00e0 Bergen, est de panacher les airs embl\u00e9matiques du film avec d\u2019autres \u0153uvres du r\u00e9pertoire de Farinelli et raconter les deux \u00e9poques de sa carri\u00e8re. La premi\u00e8re, virtuose, flamboyante, o\u00f9 le personnage accumula autant de ducats que de vocalises. Et une seconde, m\u00e9lancolique, introvertie, sensible. Le livret raconte la vie tr\u00e9pidante du c\u00e9l\u00e9brissime castrat parcourant l\u2019Europe \u00e0 l\u2019occasion de tourn\u00e9es et donnant des repr\u00e9sentations ovationn\u00e9es par la famille royale et par un public conquis.<\/p>\n","protected":false},"featured_media":842,"menu_order":68,"template":"","class_list":["post-1547","discographie","type-discographie","status-publish","has-post-thumbnail","hentry"],"acf":[],"yoast_head":"<!-- This site is optimized with the Yoast SEO plugin v27.5 - https:\/\/yoast.com\/product\/yoast-seo-wordpress\/ -->\n<title>Farinelli | Les Talens Lyriques<\/title>\n<meta name=\"robots\" content=\"index, follow, max-snippet:-1, max-image-preview:large, max-video-preview:-1\" \/>\n<link rel=\"canonical\" href=\"https:\/\/www.lestalenslyriques.com\/en\/discographie\/farinelli-live\/\" \/>\n<meta property=\"og:locale\" content=\"en_US\" \/>\n<meta property=\"og:type\" content=\"article\" \/>\n<meta property=\"og:title\" content=\"Farinelli | Les Talens Lyriques\" \/>\n<meta property=\"og:description\" content=\"Avec plus d\u2019un million d\u2019exemplaires vendus, la bande originale du film de G\u00e9rard Corbiau Farinelli a permis d\u2019asseoir internationalement la renomm\u00e9e des Talens Lyriques. En 1994, afin de r\u00e9inventer la voix de Carlo Broschi dit Farinelli (1705-1782), on fit appel \u00e0 un ordinateur qui mixa les timbres de Derek Lee Ragin, contre-t\u00e9nor, et d\u2019Ewa Mallas-Godlewska, [&hellip;]\" \/>\n<meta property=\"og:url\" content=\"https:\/\/www.lestalenslyriques.com\/en\/discographie\/farinelli-live\/\" \/>\n<meta property=\"og:site_name\" content=\"Les Talens Lyriques\" \/>\n<meta property=\"article:modified_time\" content=\"2025-06-12T13:51:00+00:00\" \/>\n<meta property=\"og:image\" content=\"https:\/\/www.lestalenslyriques.com\/wp-content\/uploads\/2019\/02\/ap117-3000.jpg\" \/>\n\t<meta property=\"og:image:width\" content=\"3000\" \/>\n\t<meta property=\"og:image:height\" content=\"3000\" \/>\n\t<meta property=\"og:image:type\" content=\"image\/jpeg\" \/>\n<meta name=\"twitter:card\" content=\"summary_large_image\" \/>\n<meta name=\"twitter:label1\" content=\"Est. reading time\" \/>\n\t<meta name=\"twitter:data1\" content=\"2 minutes\" \/>\n<script type=\"application\/ld+json\" class=\"yoast-schema-graph\">{\"@context\":\"https:\\\/\\\/schema.org\",\"@graph\":[{\"@type\":\"WebPage\",\"@id\":\"https:\\\/\\\/www.lestalenslyriques.com\\\/en\\\/discographie\\\/farinelli-live\\\/\",\"url\":\"https:\\\/\\\/www.lestalenslyriques.com\\\/en\\\/discographie\\\/farinelli-live\\\/\",\"name\":\"Farinelli | Les Talens Lyriques\",\"isPartOf\":{\"@id\":\"https:\\\/\\\/www.lestalenslyriques.com\\\/en\\\/#website\"},\"primaryImageOfPage\":{\"@id\":\"https:\\\/\\\/www.lestalenslyriques.com\\\/en\\\/discographie\\\/farinelli-live\\\/#primaryimage\"},\"image\":{\"@id\":\"https:\\\/\\\/www.lestalenslyriques.com\\\/en\\\/discographie\\\/farinelli-live\\\/#primaryimage\"},\"thumbnailUrl\":\"https:\\\/\\\/www.lestalenslyriques.com\\\/wp-content\\\/uploads\\\/2019\\\/02\\\/ap117-3000.jpg\",\"datePublished\":\"2016-11-02T05:16:39+00:00\",\"dateModified\":\"2025-06-12T13:51:00+00:00\",\"breadcrumb\":{\"@id\":\"https:\\\/\\\/www.lestalenslyriques.com\\\/en\\\/discographie\\\/farinelli-live\\\/#breadcrumb\"},\"inLanguage\":\"en-US\",\"potentialAction\":[{\"@type\":\"ReadAction\",\"target\":[\"https:\\\/\\\/www.lestalenslyriques.com\\\/en\\\/discographie\\\/farinelli-live\\\/\"]}]},{\"@type\":\"ImageObject\",\"inLanguage\":\"en-US\",\"@id\":\"https:\\\/\\\/www.lestalenslyriques.com\\\/en\\\/discographie\\\/farinelli-live\\\/#primaryimage\",\"url\":\"https:\\\/\\\/www.lestalenslyriques.com\\\/wp-content\\\/uploads\\\/2019\\\/02\\\/ap117-3000.jpg\",\"contentUrl\":\"https:\\\/\\\/www.lestalenslyriques.com\\\/wp-content\\\/uploads\\\/2019\\\/02\\\/ap117-3000.jpg\",\"width\":3000,\"height\":3000},{\"@type\":\"BreadcrumbList\",\"@id\":\"https:\\\/\\\/www.lestalenslyriques.com\\\/en\\\/discographie\\\/farinelli-live\\\/#breadcrumb\",\"itemListElement\":[{\"@type\":\"ListItem\",\"position\":1,\"name\":\"Accueil\",\"item\":\"https:\\\/\\\/www.lestalenslyriques.com\\\/en\\\/\"},{\"@type\":\"ListItem\",\"position\":2,\"name\":\"Discography\",\"item\":\"https:\\\/\\\/www.lestalenslyriques.com\\\/en\\\/discographie\\\/\"},{\"@type\":\"ListItem\",\"position\":3,\"name\":\"Farinelli\"}]},{\"@type\":\"WebSite\",\"@id\":\"https:\\\/\\\/www.lestalenslyriques.com\\\/en\\\/#website\",\"url\":\"https:\\\/\\\/www.lestalenslyriques.com\\\/en\\\/\",\"name\":\"Les Talens Lyriques\",\"description\":\"Christophe Rousset\",\"potentialAction\":[{\"@type\":\"SearchAction\",\"target\":{\"@type\":\"EntryPoint\",\"urlTemplate\":\"https:\\\/\\\/www.lestalenslyriques.com\\\/en\\\/?s={search_term_string}\"},\"query-input\":{\"@type\":\"PropertyValueSpecification\",\"valueRequired\":true,\"valueName\":\"search_term_string\"}}],\"inLanguage\":\"en-US\"}]}<\/script>\n<!-- \/ Yoast SEO plugin. -->","yoast_head_json":{"title":"Farinelli | Les Talens Lyriques","robots":{"index":"index","follow":"follow","max-snippet":"max-snippet:-1","max-image-preview":"max-image-preview:large","max-video-preview":"max-video-preview:-1"},"canonical":"https:\/\/www.lestalenslyriques.com\/en\/discographie\/farinelli-live\/","og_locale":"en_US","og_type":"article","og_title":"Farinelli | Les Talens Lyriques","og_description":"Avec plus d\u2019un million d\u2019exemplaires vendus, la bande originale du film de G\u00e9rard Corbiau Farinelli a permis d\u2019asseoir internationalement la renomm\u00e9e des Talens Lyriques. En 1994, afin de r\u00e9inventer la voix de Carlo Broschi dit Farinelli (1705-1782), on fit appel \u00e0 un ordinateur qui mixa les timbres de Derek Lee Ragin, contre-t\u00e9nor, et d\u2019Ewa Mallas-Godlewska, [&hellip;]","og_url":"https:\/\/www.lestalenslyriques.com\/en\/discographie\/farinelli-live\/","og_site_name":"Les Talens Lyriques","article_modified_time":"2025-06-12T13:51:00+00:00","og_image":[{"width":3000,"height":3000,"url":"https:\/\/www.lestalenslyriques.com\/wp-content\/uploads\/2019\/02\/ap117-3000.jpg","type":"image\/jpeg"}],"twitter_card":"summary_large_image","twitter_misc":{"Est. reading time":"2 minutes"},"schema":{"@context":"https:\/\/schema.org","@graph":[{"@type":"WebPage","@id":"https:\/\/www.lestalenslyriques.com\/en\/discographie\/farinelli-live\/","url":"https:\/\/www.lestalenslyriques.com\/en\/discographie\/farinelli-live\/","name":"Farinelli | Les Talens Lyriques","isPartOf":{"@id":"https:\/\/www.lestalenslyriques.com\/en\/#website"},"primaryImageOfPage":{"@id":"https:\/\/www.lestalenslyriques.com\/en\/discographie\/farinelli-live\/#primaryimage"},"image":{"@id":"https:\/\/www.lestalenslyriques.com\/en\/discographie\/farinelli-live\/#primaryimage"},"thumbnailUrl":"https:\/\/www.lestalenslyriques.com\/wp-content\/uploads\/2019\/02\/ap117-3000.jpg","datePublished":"2016-11-02T05:16:39+00:00","dateModified":"2025-06-12T13:51:00+00:00","breadcrumb":{"@id":"https:\/\/www.lestalenslyriques.com\/en\/discographie\/farinelli-live\/#breadcrumb"},"inLanguage":"en-US","potentialAction":[{"@type":"ReadAction","target":["https:\/\/www.lestalenslyriques.com\/en\/discographie\/farinelli-live\/"]}]},{"@type":"ImageObject","inLanguage":"en-US","@id":"https:\/\/www.lestalenslyriques.com\/en\/discographie\/farinelli-live\/#primaryimage","url":"https:\/\/www.lestalenslyriques.com\/wp-content\/uploads\/2019\/02\/ap117-3000.jpg","contentUrl":"https:\/\/www.lestalenslyriques.com\/wp-content\/uploads\/2019\/02\/ap117-3000.jpg","width":3000,"height":3000},{"@type":"BreadcrumbList","@id":"https:\/\/www.lestalenslyriques.com\/en\/discographie\/farinelli-live\/#breadcrumb","itemListElement":[{"@type":"ListItem","position":1,"name":"Accueil","item":"https:\/\/www.lestalenslyriques.com\/en\/"},{"@type":"ListItem","position":2,"name":"Discography","item":"https:\/\/www.lestalenslyriques.com\/en\/discographie\/"},{"@type":"ListItem","position":3,"name":"Farinelli"}]},{"@type":"WebSite","@id":"https:\/\/www.lestalenslyriques.com\/en\/#website","url":"https:\/\/www.lestalenslyriques.com\/en\/","name":"Les Talens Lyriques","description":"Christophe Rousset","potentialAction":[{"@type":"SearchAction","target":{"@type":"EntryPoint","urlTemplate":"https:\/\/www.lestalenslyriques.com\/en\/?s={search_term_string}"},"query-input":{"@type":"PropertyValueSpecification","valueRequired":true,"valueName":"search_term_string"}}],"inLanguage":"en-US"}]}},"_links":{"self":[{"href":"https:\/\/www.lestalenslyriques.com\/en\/wp-json\/wp\/v2\/discographie\/1547","targetHints":{"allow":["GET"]}}],"collection":[{"href":"https:\/\/www.lestalenslyriques.com\/en\/wp-json\/wp\/v2\/discographie"}],"about":[{"href":"https:\/\/www.lestalenslyriques.com\/en\/wp-json\/wp\/v2\/types\/discographie"}],"wp:featuredmedia":[{"embeddable":true,"href":"https:\/\/www.lestalenslyriques.com\/en\/wp-json\/wp\/v2\/media\/842"}],"wp:attachment":[{"href":"https:\/\/www.lestalenslyriques.com\/en\/wp-json\/wp\/v2\/media?parent=1547"}],"curies":[{"name":"wp","href":"https:\/\/api.w.org\/{rel}","templated":true}]}}